{"id":22906,"date":"2023-09-03T15:50:54","date_gmt":"2023-09-03T15:50:54","guid":{"rendered":"https:\/\/gerdarsafn.kopavogur.is\/?post_type=artwork&#038;p=22906"},"modified":"2023-09-03T15:51:00","modified_gmt":"2023-09-03T15:51:00","slug":"the-lacemaker","status":"publish","type":"artwork","link":"https:\/\/gerdarsafn.kopavogur.is\/en\/artwork\/the-lacemaker\/","title":{"rendered":"The Lacemaker"},"content":{"rendered":"\n<p>\u00cd \u00feessu graf\u00edkverki sj\u00e1um vi\u00f0 konu og mann sitjandi \u00ed n\u00e1tt\u00farunni og r\u00edkir mikil r\u00f3 yfir verkinu. Ma\u00f0urinn er ni\u00f0url\u00fatur og me\u00f0 st\u00f3ran hatt sem hylur andlit hans. Konan hins vegar er \u00f6nnum kafin vi\u00f0 a\u00f0 gera bl\u00fandur me\u00f0 s\u00e9rstakri t\u00e6kni. H\u00fan notast vi\u00f0 bl\u00f3ma og pl\u00f6ntuhafi\u00f0 \u00ed kringum \u00feau til \u00feess a\u00f0 gera bl\u00fandurnar. Samspil lj\u00f3ss og skugga er afar vel \u00fatf\u00e6rt. Verki\u00f0 er fr\u00e1 \u00e1rinu 1936 en kom \u00fea\u00f0 inn \u00ed safneign \u00e1ri\u00f0 1983. <\/p>\n\n\n\n<p>Listakonan Barbara \u00c1rnason kom fyrst til \u00cdslands \u00e1ri\u00f0 1936, en h\u00fan f\u00e6ddist \u00ed Su\u00f0ur-Englandi. Barbara bj\u00f3 \u00ed Reykjav\u00edk fyrstu \u00e1rin eftir komuna til \u00cdslands me\u00f0 eiginmanni s\u00ednum og listamanninum Magn\u00fasi \u00c1. \u00c1rnasyni, en \u00feau fluttust s\u00ed\u00f0an \u00ed K\u00f3pavoginn \u00e1ri\u00f0 1959. \u00c1ri\u00f0 2011 var opnu\u00f0 yfirlitss\u00fdning \u00e1 verkum Barb\u00f6ru \u00ed Ger\u00f0arsafni og voru hinar n\u00e1kv\u00e6mu tr\u00e9stungur hennar \u00fear me\u00f0al annars til s\u00fdnis. Barbara var mikill brautry\u00f0jandi \u00ed \u00ferykklist h\u00e9r \u00e1 landi og m\u00e1 segja a\u00f0 h\u00fan hafi \u00e1tt st\u00f3ran \u00fe\u00e1tt \u00ed a\u00f0 leggja grunn a\u00f0 \u00edslenskri svartlist. H\u00fan f\u00f3r \u00e1vallt s\u00ednar eigin lei\u00f0ir og a\u00f0hylltist ekki \u00e1kve\u00f0na listastefnu. \u00c1 sumrin f\u00f3r Barbara \u00ed fer\u00f0al\u00f6g um landi\u00f0 \u00ed leit a\u00f0 innbl\u00e6stri fyrir myndefni. \u00d3h\u00e6tt er a\u00f0 segja a\u00f0 \u00fea\u00f0 er Ger\u00f0arsafni mikils vir\u00f0i a\u00f0 eiga jafn st\u00f3ran hluta af verkum Barb\u00f6ru og raun ber vitni.<\/p>\n","protected":false},"featured_media":22907,"template":"","artwork-category":[211],"artists":[209],"class_list":["post-22906","artwork","type-artwork","status-publish","has-post-thumbnail","hentry","artwork-category-safneign","artists-barbara-arnason"],"acf":[],"_links":{"self":[{"href":"https:\/\/gerdarsafn.kopavogur.is\/en\/wp-json\/wp\/v2\/artwork\/22906","targetHints":{"allow":["GET"]}}],"collection":[{"href":"https:\/\/gerdarsafn.kopavogur.is\/en\/wp-json\/wp\/v2\/artwork"}],"about":[{"href":"https:\/\/gerdarsafn.kopavogur.is\/en\/wp-json\/wp\/v2\/types\/artwork"}],"version-history":[{"count":0,"href":"https:\/\/gerdarsafn.kopavogur.is\/en\/wp-json\/wp\/v2\/artwork\/22906\/revisions"}],"wp:featuredmedia":[{"embeddable":true,"href":"https:\/\/gerdarsafn.kopavogur.is\/en\/wp-json\/wp\/v2\/media\/22907"}],"wp:attachment":[{"href":"https:\/\/gerdarsafn.kopavogur.is\/en\/wp-json\/wp\/v2\/media?parent=22906"}],"wp:term":[{"taxonomy":"artwork-category","embeddable":true,"href":"https:\/\/gerdarsafn.kopavogur.is\/en\/wp-json\/wp\/v2\/artwork-category?post=22906"},{"taxonomy":"artists","embeddable":true,"href":"https:\/\/gerdarsafn.kopavogur.is\/en\/wp-json\/wp\/v2\/artists?post=22906"}],"curies":[{"name":"wp","href":"https:\/\/api.w.org\/{rel}","templated":true}]}}