{"id":24542,"date":"2024-06-16T18:59:20","date_gmt":"2024-06-16T18:59:20","guid":{"rendered":"https:\/\/gerdarsafn.kopavogur.is\/?post_type=artwork&#038;p=24542"},"modified":"2024-06-18T12:35:28","modified_gmt":"2024-06-18T12:35:28","slug":"svif","status":"publish","type":"artwork","link":"https:\/\/gerdarsafn.kopavogur.is\/en\/artwork\/svif\/","title":{"rendered":"Svif"},"content":{"rendered":"\n<p>T\u00f3mar\u00fami\u00f0 inn \u00ed verkinu \u00f6\u00f0last jafn mikla merkingu og formi\u00f0, sem er \u00fea\u00f0 sem einkennir gjarnan j\u00e1rnverk Ger\u00f0ar. Sk\u00falpt\u00fararnir voru merkilegt framlag til strangflatarlistar og var Ger\u00f0ur fyrst \u00e1 \u00cdslandi til a\u00f0 halda s\u00fdningu me\u00f0 n\u00e1nast eing\u00f6ngu verkum \u00far j\u00e1rni og st\u00e1l\u00fer\u00e1\u00f0um. Verki\u00f0 Svif er 60 x 51 x 40 cm a\u00f0 st\u00e6r\u00f0.<\/p>\n\n\n\n<p>Ger\u00f0ur m\u00e1la\u00f0i svo j\u00e1rnverk s\u00edn sv\u00f6rt \u00e1 litinn.Ger\u00f0ur var afar ung \u00feegar h\u00fan f\u00f3r a\u00f0 logsj\u00f3\u00f0a j\u00e1rn <a><\/a>sj\u00e1lf og mennta sig \u00ed hvernig vinna \u00e6tti me\u00f0 j\u00e1rn. Me\u00f0 j\u00e1rninu n\u00e1\u00f0i Ger\u00f0ur fram f\u00ednger\u00f0um formum og h\u00e6gt a\u00f0 teygja j\u00e1rni\u00f0 og sveigja.<\/p>\n\n\n\n<p>Ger\u00f0ur Helgad\u00f3ttir f\u00e6ddist \u00e1ri\u00f0 1928 og l\u00e9st 1975 og \u00fev\u00ed var listr\u00e6nn ferill Ger\u00f0ar fremur stuttur, e\u00f0a um 30 \u00e1r. H\u00fan var b\u00fasett \u00ed Par\u00eds mestallan starfsferil. Eins og margir vita vann Ger\u00f0ur me\u00f0 \u00fdmis efni \u00ed listsk\u00f6pun sinni og er \u00f3h\u00e6tt er a\u00f0 segja a\u00f0 sk\u00f6punarkraftur og afbur\u00f0a listr\u00e6nir h\u00e6fileikar hafi veri\u00f0 hennar n\u00e1\u00f0arg\u00e1fa. \u00c1ri\u00f0 1974 var Ger\u00f0ur s\u00e6md riddarakrossi hinnar \u00edslensku f\u00e1lkaor\u00f0u. \u00der\u00e1tt fyrir stuttan feril skildi h\u00fan eftir sig g\u00edfurlegan fj\u00f6lda listaverka sem erfingjar Ger\u00f0ar f\u00e6r\u00f0u K\u00f3pavogsb\u00e6 eftir andl\u00e1t hennar og opna\u00f0i Ger\u00f0arsafn-Listasafn K\u00f3pavogs \u00e1ri\u00f0 1994 til hei\u00f0urs listakonunnar og \u00e1 safni\u00f0 einmitt 30 \u00e1ra afm\u00e6li \u00e1 \u00e1rinu.<\/p>\n","protected":false},"featured_media":24543,"template":"","artwork-category":[211],"artists":[201],"class_list":["post-24542","artwork","type-artwork","status-publish","has-post-thumbnail","hentry","artwork-category-safneign","artists-gerdur-helgadottir"],"acf":[],"_links":{"self":[{"href":"https:\/\/gerdarsafn.kopavogur.is\/en\/wp-json\/wp\/v2\/artwork\/24542","targetHints":{"allow":["GET"]}}],"collection":[{"href":"https:\/\/gerdarsafn.kopavogur.is\/en\/wp-json\/wp\/v2\/artwork"}],"about":[{"href":"https:\/\/gerdarsafn.kopavogur.is\/en\/wp-json\/wp\/v2\/types\/artwork"}],"version-history":[{"count":0,"href":"https:\/\/gerdarsafn.kopavogur.is\/en\/wp-json\/wp\/v2\/artwork\/24542\/revisions"}],"wp:featuredmedia":[{"embeddable":true,"href":"https:\/\/gerdarsafn.kopavogur.is\/en\/wp-json\/wp\/v2\/media\/24543"}],"wp:attachment":[{"href":"https:\/\/gerdarsafn.kopavogur.is\/en\/wp-json\/wp\/v2\/media?parent=24542"}],"wp:term":[{"taxonomy":"artwork-category","embeddable":true,"href":"https:\/\/gerdarsafn.kopavogur.is\/en\/wp-json\/wp\/v2\/artwork-category?post=24542"},{"taxonomy":"artists","embeddable":true,"href":"https:\/\/gerdarsafn.kopavogur.is\/en\/wp-json\/wp\/v2\/artists?post=24542"}],"curies":[{"name":"wp","href":"https:\/\/api.w.org\/{rel}","templated":true}]}}