{"id":25050,"date":"2025-01-19T14:41:22","date_gmt":"2025-01-19T14:41:22","guid":{"rendered":"https:\/\/gerdarsafn.kopavogur.is\/?post_type=artwork&#038;p=25050"},"modified":"2025-01-19T14:41:23","modified_gmt":"2025-01-19T14:41:23","slug":"skulptur-nafnlaus","status":"publish","type":"artwork","link":"https:\/\/gerdarsafn.kopavogur.is\/en\/artwork\/skulptur-nafnlaus\/","title":{"rendered":"Sk\u00falpt\u00far (nafnlaus)"},"content":{"rendered":"\n<p>Ger\u00f0ur (1928-1975) kynntist fyrst h\u00f6ggmyndalist \u00feegar h\u00fan var 18 \u00e1ra g\u00f6mul og f\u00f3r h\u00fan strax a\u00f0 m\u00f3ta sj\u00e1lf \u00ed leir og h\u00f6ggva \u00ed gr\u00e1gr\u00fdti. Listsk\u00f6pun hennar \u00fer\u00f3ast svo yfir \u00e1rin og fer h\u00fan a\u00f0 gera f\u00edg\u00farat\u00edv verk, f\u00ednger\u00f0a j\u00e1rnsk\u00falpt\u00fara og sk\u00falpt\u00fara unna \u00far bronsi m.a. Undir lok sj\u00f6tta \u00e1ratugs fer Ger\u00f0ur a\u00f0 vinna miki\u00f0 me\u00f0 verk \u00far steindu gleri og s\u00ed\u00f0ar \u00far gleri og steypu.<\/p>\n\n\n\n<p>Efnivi\u00f0ur verksins er brons og er \u00fea\u00f0 40 x 26 x 24 cm a\u00f0 st\u00e6r\u00f0. Verki\u00f0 er einnig til \u00far leir og er \u00fea\u00f0 til s\u00fdnis \u00e1 grunns\u00fdningu \u00e1 verkum Ger\u00f0ar \u00e1 jar\u00f0h\u00e6\u00f0 safnsins.&nbsp;<\/p>\n\n\n\n<p>Sk\u00falpt\u00farinn kom inn \u00ed safneign \u00e1ri\u00f0 1977 og var \u00fea\u00f0 partur af veglegri gj\u00f6f fr\u00e1 erfingjum Ger\u00f0ar. Ger\u00f0ur Helgad\u00f3ttir afkasta\u00f0i miklu \u00e1 stuttri starfs\u00e6vi. Sj\u00e1lf leit h\u00fan fyrst og fremst \u00e1 sig sem myndh\u00f6ggvara. Eftir n\u00e1m \u00ed Hand\u00ed\u00f0ask\u00f3lanum f\u00f3r Ger\u00f0ur til n\u00e1ms \u00ed Fl\u00f3rens og Par\u00eds og hlaut \u00fear menntun \u00ed klass\u00edskri h\u00f6ggmyndager\u00f0 og n\u00fat\u00edma h\u00f6ggmyndalist. \u00cd Par\u00eds bj\u00f3 Ger\u00f0ur st\u00e6rstan hluta starfs\u00e6vi sinnar og t\u00f6ldu franskir listgagnr\u00fdnendur hana vera me\u00f0al \u00e1hugaver\u00f0ustu myndh\u00f6ggvara \u00ed borginni \u00e1 \u00feeim t\u00edma. Ger\u00f0ur var mj\u00f6g sj\u00e1lfst\u00e6\u00f0 kona og frumkv\u00f6\u00f0ull \u00ed glerlist h\u00e9r \u00e1 landi.\u00a0 <\/p>\n\n\n\n<p><\/p>\n","protected":false},"featured_media":25051,"template":"","artwork-category":[237],"artists":[201],"class_list":["post-25050","artwork","type-artwork","status-publish","has-post-thumbnail","hentry","artwork-category-collection-property","artists-gerdur-helgadottir"],"acf":[],"_links":{"self":[{"href":"https:\/\/gerdarsafn.kopavogur.is\/en\/wp-json\/wp\/v2\/artwork\/25050","targetHints":{"allow":["GET"]}}],"collection":[{"href":"https:\/\/gerdarsafn.kopavogur.is\/en\/wp-json\/wp\/v2\/artwork"}],"about":[{"href":"https:\/\/gerdarsafn.kopavogur.is\/en\/wp-json\/wp\/v2\/types\/artwork"}],"version-history":[{"count":0,"href":"https:\/\/gerdarsafn.kopavogur.is\/en\/wp-json\/wp\/v2\/artwork\/25050\/revisions"}],"wp:featuredmedia":[{"embeddable":true,"href":"https:\/\/gerdarsafn.kopavogur.is\/en\/wp-json\/wp\/v2\/media\/25051"}],"wp:attachment":[{"href":"https:\/\/gerdarsafn.kopavogur.is\/en\/wp-json\/wp\/v2\/media?parent=25050"}],"wp:term":[{"taxonomy":"artwork-category","embeddable":true,"href":"https:\/\/gerdarsafn.kopavogur.is\/en\/wp-json\/wp\/v2\/artwork-category?post=25050"},{"taxonomy":"artists","embeddable":true,"href":"https:\/\/gerdarsafn.kopavogur.is\/en\/wp-json\/wp\/v2\/artists?post=25050"}],"curies":[{"name":"wp","href":"https:\/\/api.w.org\/{rel}","templated":true}]}}