{"id":25107,"date":"2025-02-16T13:37:40","date_gmt":"2025-02-16T13:37:40","guid":{"rendered":"https:\/\/gerdarsafn.kopavogur.is\/?post_type=artwork&#038;p=25107"},"modified":"2025-02-16T14:54:39","modified_gmt":"2025-02-16T14:54:39","slug":"bedid-eftir-meistaraverki-2","status":"publish","type":"artwork","link":"https:\/\/gerdarsafn.kopavogur.is\/en\/artwork\/bedid-eftir-meistaraverki-2\/","title":{"rendered":"Be\u00f0i\u00f0 eftir meistaraverki"},"content":{"rendered":"\n<p>Verki\u00f0 er m\u00f3ta\u00f0 \u00far leir og var s\u00fdnt \u00e1 s\u00fdningu Gu\u00f0r\u00fanar Veru Hjartard\u00f3ttur \u201cWaiting for a masterpiece\u201d \u00e1 ne\u00f0ri h\u00e6\u00f0 Ger\u00f0arsafns \u00e1ri\u00f0 2004. <\/p>\n\n\n\n<p>\u00c1 s\u00fdningunni m\u00e1tti sj\u00e1 litlar f\u00edg\u00farur \u00far leir \u00e1 v\u00ed\u00f0 og dreif \u00fear sem framsetning verkanna var vel \u00edgrundu\u00f0 og margar hverjar l\u00e1gu ofan \u00e1 hv\u00edtum vi\u00f0arpl\u00f6tum e\u00f0a inn \u00ed glerboxum. Sumar verurnar \u00e1 s\u00fdningunni voru \u00ed <a><\/a>kl\u00e6\u00f0um en margar \u00feeirra voru berskjalda\u00f0ar \u00ed nekt sinni. Verurnar sem Gu\u00f0r\u00fan hefur skapa\u00f0 mynda \u00e1kve\u00f0inn hugarheim sem vekur okkur til umhugsunar um mannlegt \u00e1stand. \u00deessar verur vekja \u00e1huga \u00e1horfendans og getur veri\u00f0 erfitt a\u00f0 greina \u00e1 milli hvort a\u00f0 \u00fe\u00e6r s\u00e9u b\u00f6rn, fullor\u00f0in e\u00f0a gamalmenni. Sj\u00e1 \u00fe\u00e6r eitthva\u00f0 sem vi\u00f0 sj\u00e1um ekki?<\/p>\n\n\n\n<p>Myndlistarkonan Gu\u00f0r\u00fan Vera Hjartard\u00f3ttir er f\u00e6dd \u00e1ri\u00f0 1966 \u00ed Reykjav\u00edk. H\u00fan stunda\u00f0i n\u00e1m vi\u00f0 Myndlista og hand\u00ed\u00f0ask\u00f3lann og svo s\u00ed\u00f0ar vi\u00f0 AKI-Akademie voor beeldend Kunst, Enschede \u00ed Hollandi. H\u00fan \u00fatskrifa\u00f0ist svo me\u00f0 MA gr\u00e1\u00f0u \u00ed listkennslu fr\u00e1 Listah\u00e1sk\u00f3la \u00cdslands \u00e1ri\u00f0 2011. Gu\u00f0r\u00fan hefur teki\u00f0 \u00fe\u00e1tt \u00ed m\u00f6rgum sams\u00fdningum og einkas\u00fdningum b\u00e6\u00f0i h\u00e9r \u00e1 landi og erlendis.<\/p>\n","protected":false},"featured_media":25108,"template":"","artwork-category":[237],"artists":[301],"class_list":["post-25107","artwork","type-artwork","status-publish","has-post-thumbnail","hentry","artwork-category-collection-property","artists-gudrun-vera-hjartardottir"],"acf":[],"_links":{"self":[{"href":"https:\/\/gerdarsafn.kopavogur.is\/en\/wp-json\/wp\/v2\/artwork\/25107","targetHints":{"allow":["GET"]}}],"collection":[{"href":"https:\/\/gerdarsafn.kopavogur.is\/en\/wp-json\/wp\/v2\/artwork"}],"about":[{"href":"https:\/\/gerdarsafn.kopavogur.is\/en\/wp-json\/wp\/v2\/types\/artwork"}],"version-history":[{"count":0,"href":"https:\/\/gerdarsafn.kopavogur.is\/en\/wp-json\/wp\/v2\/artwork\/25107\/revisions"}],"wp:featuredmedia":[{"embeddable":true,"href":"https:\/\/gerdarsafn.kopavogur.is\/en\/wp-json\/wp\/v2\/media\/25108"}],"wp:attachment":[{"href":"https:\/\/gerdarsafn.kopavogur.is\/en\/wp-json\/wp\/v2\/media?parent=25107"}],"wp:term":[{"taxonomy":"artwork-category","embeddable":true,"href":"https:\/\/gerdarsafn.kopavogur.is\/en\/wp-json\/wp\/v2\/artwork-category?post=25107"},{"taxonomy":"artists","embeddable":true,"href":"https:\/\/gerdarsafn.kopavogur.is\/en\/wp-json\/wp\/v2\/artists?post=25107"}],"curies":[{"name":"wp","href":"https:\/\/api.w.org\/{rel}","templated":true}]}}