{"id":25171,"date":"2025-03-11T12:24:12","date_gmt":"2025-03-11T12:24:12","guid":{"rendered":"https:\/\/gerdarsafn.kopavogur.is\/?post_type=artwork&#038;p=25171"},"modified":"2025-03-11T12:24:13","modified_gmt":"2025-03-11T12:24:13","slug":"planeta-ii","status":"publish","type":"artwork","link":"https:\/\/gerdarsafn.kopavogur.is\/en\/artwork\/planeta-ii\/","title":{"rendered":"Pl\u00e1neta II"},"content":{"rendered":"\n<p>Verki\u00f0 Pl\u00e1neta II er gert \u00far leir sem hefur veri\u00f0 brenndur og er verki\u00f0 18 x 20 x 20 cm a\u00f0 st\u00e6r\u00f0. \u00dea\u00f0 m\u00e1 segja a\u00f0 \u00fea\u00f0 s\u00e9 \u00e1kve\u00f0in dul\u00fa\u00f0 sem fylgi \u00feessu abstrakt verki.<\/p>\n\n\n\n<p>Ger\u00f0ur (1928-1975) kynntist fyrst h\u00f6ggmyndalist \u00feegar h\u00fan var 18 \u00e1ra g\u00f6mul og f\u00f3r h\u00fan strax a\u00f0 m\u00f3ta sj\u00e1lf \u00ed leir og h\u00f6ggva \u00ed gr\u00e1gr\u00fdti. Eftir n\u00e1m \u00ed Hand\u00ed\u00f0ask\u00f3lanum f\u00f3r Ger\u00f0ur til n\u00e1ms \u00ed Fl\u00f3rens og Par\u00eds og hlaut \u00fear menntun \u00ed klass\u00edskri <a><\/a>h\u00f6ggmyndager\u00f0 og n\u00fat\u00edma h\u00f6ggmyndalist. \u00cd Par\u00eds l\u00e6r\u00f0i h\u00fan hj\u00e1 Ossip Zadkine sem var r\u00fassneskur myndh\u00f6ggvari og haf\u00f0i Ger\u00f0ur eftir honum a\u00f0 sk\u00falpt\u00far v\u00e6ri eitt pr\u00f3sent gu\u00f0sg\u00e1fa en 99 pr\u00f3sent sviti. H\u00fan bj\u00f3 st\u00e6rstan hluta af \u00e6vi sinni \u00ed Par\u00eds.<\/p>\n\n\n\n<p>Ger\u00f0ur skapa\u00f0i \u00f3f\u00e1a sk\u00falpt\u00fara \u00e1 s\u00ednum listr\u00e6na ferli, \u00fdmist \u00far bronsi, kopar, sementi og gifsi. Undir lok sj\u00f6tta \u00e1ratugs fer Ger\u00f0ur a\u00f0 vinna miki\u00f0 me\u00f0 verk \u00far steindu gleri og s\u00ed\u00f0ar \u00far gleri og steypu. \u00cd \u00e6vis\u00f6gu Ger\u00f0ar kemur fram a\u00f0 henni hef\u00f0i \u00fe\u00f3tt v\u00e6nst um bronsi\u00f0 og kopar, \u00fe\u00e1 einnig a\u00f0 blanda \u00fev\u00ed saman. Henni \u00fe\u00f3tti plast vera dautt efni og vildi \u00fev\u00ed ekki vinna me\u00f0 \u00fea\u00f0.<\/p>\n","protected":false},"featured_media":25172,"template":"","artwork-category":[211],"artists":[201],"class_list":["post-25171","artwork","type-artwork","status-publish","has-post-thumbnail","hentry","artwork-category-safneign","artists-gerdur-helgadottir"],"acf":[],"_links":{"self":[{"href":"https:\/\/gerdarsafn.kopavogur.is\/en\/wp-json\/wp\/v2\/artwork\/25171","targetHints":{"allow":["GET"]}}],"collection":[{"href":"https:\/\/gerdarsafn.kopavogur.is\/en\/wp-json\/wp\/v2\/artwork"}],"about":[{"href":"https:\/\/gerdarsafn.kopavogur.is\/en\/wp-json\/wp\/v2\/types\/artwork"}],"version-history":[{"count":0,"href":"https:\/\/gerdarsafn.kopavogur.is\/en\/wp-json\/wp\/v2\/artwork\/25171\/revisions"}],"wp:featuredmedia":[{"embeddable":true,"href":"https:\/\/gerdarsafn.kopavogur.is\/en\/wp-json\/wp\/v2\/media\/25172"}],"wp:attachment":[{"href":"https:\/\/gerdarsafn.kopavogur.is\/en\/wp-json\/wp\/v2\/media?parent=25171"}],"wp:term":[{"taxonomy":"artwork-category","embeddable":true,"href":"https:\/\/gerdarsafn.kopavogur.is\/en\/wp-json\/wp\/v2\/artwork-category?post=25171"},{"taxonomy":"artists","embeddable":true,"href":"https:\/\/gerdarsafn.kopavogur.is\/en\/wp-json\/wp\/v2\/artists?post=25171"}],"curies":[{"name":"wp","href":"https:\/\/api.w.org\/{rel}","templated":true}]}}