{"id":25298,"date":"2025-04-08T12:08:03","date_gmt":"2025-04-08T12:08:03","guid":{"rendered":"https:\/\/gerdarsafn.kopavogur.is\/?post_type=artwork&#038;p=25298"},"modified":"2025-04-08T12:08:04","modified_gmt":"2025-04-08T12:08:04","slug":"teikning-3","status":"publish","type":"artwork","link":"https:\/\/gerdarsafn.kopavogur.is\/en\/artwork\/teikning-3\/","title":{"rendered":"Teikning"},"content":{"rendered":"\n<p>Ger\u00f0ur ger\u00f0i \u00f3f\u00e1ar teikningar og skissur \u00e1 ferlinum. \u00c1 s\u00fdningum s\u00fdndi h\u00fan gjarnan teikningar me\u00f0 sk\u00falpt\u00farum s\u00ednum svo a\u00f0 til yr\u00f0i hli\u00f0st\u00e6\u00f0 heild. Teikningin er 41 x 28 cm a\u00f0 st\u00e6r\u00f0 og nota\u00f0ist Ger\u00f0ur vi\u00f0 kol \u00e1 papp\u00edr \u00ed \u00feessu verki. \u00dea\u00f0 er \u00f3h\u00e6tt a\u00f0 segja a\u00f0 \u00feessi teikning Ger\u00f0ar s\u00e9 undir \u00e1hrifum k\u00fabisma.<\/p>\n\n\n\n<p>Ger\u00f0ur Helgad\u00f3ttir f\u00e6ddist \u00e1ri\u00f0 1928 og l\u00e9st 1975 og \u00fev\u00ed var listr\u00e6nn ferill Ger\u00f0ar fremur stuttur, e\u00f0a um 30 \u00e1r. H\u00fan var b\u00fasett \u00ed Par\u00eds mestallan starfsferil. Eins og margir vita vann Ger\u00f0ur me\u00f0 \u00fdmis efni \u00ed listsk\u00f6pun sinni og er \u00f3h\u00e6tt er a\u00f0 segja a\u00f0 sk\u00f6punarkraftur og afbur\u00f0a listr\u00e6nir h\u00e6fileikar hafi veri\u00f0 hennar n\u00e1\u00f0arg\u00e1fa. \u00c1ri\u00f0 1974 var Ger\u00f0ur s\u00e6md riddarakrossi hinnar \u00edslensku f\u00e1lkaor\u00f0u. \u00der\u00e1tt fyrir stuttan feril skildi h\u00fan eftir sig g\u00edfurlegan fj\u00f6lda listaverka sem erfingjar Ger\u00f0ar f\u00e6r\u00f0u K\u00f3pavogsb\u00e6 eftir andl\u00e1t hennar og opna\u00f0i Ger\u00f0arsafn-Listasafn K\u00f3pavogs \u00e1ri\u00f0 1994 til hei\u00f0urs listakonunnar. <\/p>\n","protected":false},"featured_media":25299,"template":"","artwork-category":[211],"artists":[201],"class_list":["post-25298","artwork","type-artwork","status-publish","has-post-thumbnail","hentry","artwork-category-safneign","artists-gerdur-helgadottir"],"acf":[],"_links":{"self":[{"href":"https:\/\/gerdarsafn.kopavogur.is\/en\/wp-json\/wp\/v2\/artwork\/25298","targetHints":{"allow":["GET"]}}],"collection":[{"href":"https:\/\/gerdarsafn.kopavogur.is\/en\/wp-json\/wp\/v2\/artwork"}],"about":[{"href":"https:\/\/gerdarsafn.kopavogur.is\/en\/wp-json\/wp\/v2\/types\/artwork"}],"version-history":[{"count":0,"href":"https:\/\/gerdarsafn.kopavogur.is\/en\/wp-json\/wp\/v2\/artwork\/25298\/revisions"}],"wp:featuredmedia":[{"embeddable":true,"href":"https:\/\/gerdarsafn.kopavogur.is\/en\/wp-json\/wp\/v2\/media\/25299"}],"wp:attachment":[{"href":"https:\/\/gerdarsafn.kopavogur.is\/en\/wp-json\/wp\/v2\/media?parent=25298"}],"wp:term":[{"taxonomy":"artwork-category","embeddable":true,"href":"https:\/\/gerdarsafn.kopavogur.is\/en\/wp-json\/wp\/v2\/artwork-category?post=25298"},{"taxonomy":"artists","embeddable":true,"href":"https:\/\/gerdarsafn.kopavogur.is\/en\/wp-json\/wp\/v2\/artists?post=25298"}],"curies":[{"name":"wp","href":"https:\/\/api.w.org\/{rel}","templated":true}]}}