{"id":22346,"date":"2022-10-03T14:40:27","date_gmt":"2022-10-03T14:40:27","guid":{"rendered":"https:\/\/gerdarsafn.kopavogur.is\/event\/geometria_\/"},"modified":"2022-10-03T14:40:27","modified_gmt":"2022-10-03T14:40:27","slug":"geometria_","status":"publish","type":"event","link":"https:\/\/gerdarsafn.kopavogur.is\/en\/event\/geometria_\/","title":{"rendered":"Geometry"},"content":{"rendered":"\n<div class=\"wp-block-columns is-layout-flex wp-container-core-columns-is-layout-28f84493 wp-block-columns-is-layout-flex\">\n<div class=\"wp-block-column is-layout-flow wp-block-column-is-layout-flow\">\n<p>Abstract geometry was a product of experimental and progressive ideas on the nature and potential of art. The movement came like a meteor into Icelandic cultural life at the beginning of the 1950s and propelled a radical shift in the nation\u2019s art history. The movement was a response to the prevailing aesthetics, seeking to find new modes of creativity and expression. Geometry was not an isolated art movement, but a new attitude, interpretation and expression, in which the painting was no longer contained by the frame, the fusion of art forms was possible and the city became the setting for cultural change.&nbsp;<\/p>\n\n\n\n<p>The artists presented are \u00c1sger\u00f0ur B\u00faad\u00f3ttir, \u00c1smundur Sveinsson, Benedikt Gunnarsson, Eir\u00edkur Smith, Eyborg Gu\u00f0mundsd\u00f3ttir, Ger\u00f0ur Helgad\u00f3ttir, Gu\u00f0munda Andr\u00e9sd\u00f3ttir, Gu\u00f0mundur Benediktsson, Hafsteinn Austmann, Hj\u00f6rleifur Sigur\u00f0sson, H\u00f6r\u00f0ur \u00c1g\u00fastsson, Karl Kvaran, Kjartan Gu\u00f0j\u00f3nsson, Krist\u00edn J\u00f3nsd\u00f3ttir fr\u00e1 Munka\u00fever\u00e1, M\u00e1lfr\u00ed\u00f0ur Konr\u00e1\u00f0sd\u00f3ttir, N\u00edna Tryggvad\u00f3ttir, Skarph\u00e9\u00f0inn Haraldsson, Svavar Gu\u00f0nason, Sverrir Haraldsson, Vala Enard Hafsta\u00f0, Valt\u00fdr P\u00e9tursson &amp; \u00deorvaldur Sk\u00falason.<\/p>\n\n\n\n<p>Curators: Brynja Sveinsd\u00f3ttir &amp; Cecilie Gaihede.<br>Exhibition design: Hreinn Bernhar\u00f0sson &amp;&nbsp;Studio Studio.<\/p>\n\n\n\n<p><\/p>\n<\/div>\n<\/div>\n","protected":false},"excerpt":{"rendered":"<p>S\u00fdning \u00e1 verkum \u00edslenskra listamanna sem voru \u00ed forystu ge\u00f3metr\u00edskrar abstraktlistar \u00e1 6. \u00e1ratugnum. Var \u00feetta \u00ed fyrsta sinn \u00ed \u00edslenskri listas\u00f6gu sem h\u00f3pur \u00edslenskra listamanna var samst\u00edga \u00fev\u00ed sem var a\u00f0 gerast \u00e1 al\u00fej\u00f3\u00f0avettvangi.<\/p>\n","protected":false},"author":1,"featured_media":18462,"template":"","cultural_house":[229],"event_category":[],"event_tag":[175,176],"event_umbrella":[],"class_list":["post-22346","event","type-event","status-publish","has-post-thumbnail","hentry","cultural_house-gerdarsafn-art-museum","event_tag-geometria","event_tag-gerdur-helgadottir"],"acf":{"short_title":"","location":"","event_type":"exhibition","price":"","start_date":"08.10.2022","start_time":"","end_date":"22.01.2023","end_time":"","multiday_schedule":false,"all_day_event":true,"action_button_text":"","action_button_link":"","photo_gallery":[{"ID":18457,"id":18457,"title":"Valgerdur-Enard-Hafstad-og-Gerdur-Helgadottir-i-Paris-scaled","filename":"Valgerdur-Enard-Hafstad-og-Gerdur-Helgadottir-i-Paris-scaled-1.jpeg","filesize":557418,"url":"https:\/\/gerdarsafn.kopavogur.is\/wp-content\/uploads\/2023\/01\/Valgerdur-Enard-Hafstad-og-Gerdur-Helgadottir-i-Paris-scaled-1.jpeg","link":"https:\/\/gerdarsafn.kopavogur.is\/en\/event\/geometria_\/valgerdur-enard-hafstad-og-gerdur-helgadottir-i-paris-scaled-2\/","alt":"","author":"1","description":"","caption":"","name":"valgerdur-enard-hafstad-og-gerdur-helgadottir-i-paris-scaled-2","status":"inherit","uploaded_to":22346,"date":"2023-01-10 11:51:23","modified":"2023-06-26 11:56:52","menu_order":0,"mime_type":"image\/jpeg","type":"image","subtype":"jpeg","icon":"https:\/\/gerdarsafn.kopavogur.is\/wp-includes\/images\/media\/default.png","width":1779,"height":2560,"sizes":{"thumbnail":"https:\/\/gerdarsafn.kopavogur.is\/wp-content\/uploads\/2023\/01\/Valgerdur-Enard-Hafstad-og-Gerdur-Helgadottir-i-Paris-scaled-1-150x150.jpeg","thumbnail-width":150,"thumbnail-height":150,"medium":"https:\/\/gerdarsafn.kopavogur.is\/wp-content\/uploads\/2023\/01\/Valgerdur-Enard-Hafstad-og-Gerdur-Helgadottir-i-Paris-scaled-1-208x300.jpeg","medium-width":208,"medium-height":300,"medium_large":"https:\/\/gerdarsafn.kopavogur.is\/wp-content\/uploads\/2023\/01\/Valgerdur-Enard-Hafstad-og-Gerdur-Helgadottir-i-Paris-scaled-1-768x1105.jpeg","medium_large-width":768,"medium_large-height":1105,"large":"https:\/\/gerdarsafn.kopavogur.is\/wp-content\/uploads\/2023\/01\/Valgerdur-Enard-Hafstad-og-Gerdur-Helgadottir-i-Paris-scaled-1-712x1024.jpeg","large-width":712,"large-height":1024,"1536x1536":"https:\/\/gerdarsafn.kopavogur.is\/wp-content\/uploads\/2023\/01\/Valgerdur-Enard-Hafstad-og-Gerdur-Helgadottir-i-Paris-scaled-1-1067x1536.jpeg","1536x1536-width":1067,"1536x1536-height":1536,"2048x2048":"https:\/\/gerdarsafn.kopavogur.is\/wp-content\/uploads\/2023\/01\/Valgerdur-Enard-Hafstad-og-Gerdur-Helgadottir-i-Paris-scaled-1-1423x2048.jpeg","2048x2048-width":1423,"2048x2048-height":2048,"meko-homehero":"https:\/\/gerdarsafn.kopavogur.is\/wp-content\/uploads\/2023\/01\/Valgerdur-Enard-Hafstad-og-Gerdur-Helgadottir-i-Paris-scaled-1-1440x615.jpeg","meko-homehero-width":1440,"meko-homehero-height":615,"meko-event-block":"https:\/\/gerdarsafn.kopavogur.is\/wp-content\/uploads\/2023\/01\/Valgerdur-Enard-Hafstad-og-Gerdur-Helgadottir-i-Paris-scaled-1-192x192.jpeg","meko-event-block-width":192,"meko-event-block-height":192,"meko-article-thumbnail":"https:\/\/gerdarsafn.kopavogur.is\/wp-content\/uploads\/2023\/01\/Valgerdur-Enard-Hafstad-og-Gerdur-Helgadottir-i-Paris-scaled-1-250x140.jpeg","meko-article-thumbnail-width":250,"meko-article-thumbnail-height":140,"meko-menning-i-kopavogi":"https:\/\/gerdarsafn.kopavogur.is\/wp-content\/uploads\/2023\/01\/Valgerdur-Enard-Hafstad-og-Gerdur-Helgadottir-i-Paris-scaled-1-768x512.jpeg","meko-menning-i-kopavogi-width":768,"meko-menning-i-kopavogi-height":512,"meko-editorial-link":"https:\/\/gerdarsafn.kopavogur.is\/wp-content\/uploads\/2023\/01\/Valgerdur-Enard-Hafstad-og-Gerdur-Helgadottir-i-Paris-scaled-1-360x190.jpeg","meko-editorial-link-width":360,"meko-editorial-link-height":190,"meko-article-thumbnail-ch":"https:\/\/gerdarsafn.kopavogur.is\/wp-content\/uploads\/2023\/01\/Valgerdur-Enard-Hafstad-og-Gerdur-Helgadottir-i-Paris-scaled-1-360x202.jpeg","meko-article-thumbnail-ch-width":360,"meko-article-thumbnail-ch-height":202,"meko-event-block-ch":"https:\/\/gerdarsafn.kopavogur.is\/wp-content\/uploads\/2023\/01\/Valgerdur-Enard-Hafstad-og-Gerdur-Helgadottir-i-Paris-scaled-1-426x240.jpeg","meko-event-block-ch-width":426,"meko-event-block-ch-height":240}},{"ID":18455,"id":18455,"title":"Syning-THorvaldar-i-Asmundarsal-artal-vantar","filename":"Syning-THorvaldar-i-Asmundarsal-artal-vantar.jpg","filesize":86444,"url":"https:\/\/gerdarsafn.kopavogur.is\/wp-content\/uploads\/2023\/01\/Syning-THorvaldar-i-Asmundarsal-artal-vantar.jpg","link":"https:\/\/gerdarsafn.kopavogur.is\/en\/event\/geometria_\/syning-thorvaldar-i-asmundarsal-artal-vantar-2\/","alt":"","author":"1","description":"","caption":"","name":"syning-thorvaldar-i-asmundarsal-artal-vantar-2","status":"inherit","uploaded_to":22346,"date":"2023-01-10 11:51:23","modified":"2023-06-26 11:56:52","menu_order":0,"mime_type":"image\/jpeg","type":"image","subtype":"jpeg","icon":"https:\/\/gerdarsafn.kopavogur.is\/wp-includes\/images\/media\/default.png","width":600,"height":381,"sizes":{"thumbnail":"https:\/\/gerdarsafn.kopavogur.is\/wp-content\/uploads\/2023\/01\/Syning-THorvaldar-i-Asmundarsal-artal-vantar-150x150.jpg","thumbnail-width":150,"thumbnail-height":150,"medium":"https:\/\/gerdarsafn.kopavogur.is\/wp-content\/uploads\/2023\/01\/Syning-THorvaldar-i-Asmundarsal-artal-vantar-300x191.jpg","medium-width":300,"medium-height":191,"medium_large":"https:\/\/gerdarsafn.kopavogur.is\/wp-content\/uploads\/2023\/01\/Syning-THorvaldar-i-Asmundarsal-artal-vantar.jpg","medium_large-width":600,"medium_large-height":381,"large":"https:\/\/gerdarsafn.kopavogur.is\/wp-content\/uploads\/2023\/01\/Syning-THorvaldar-i-Asmundarsal-artal-vantar.jpg","large-width":600,"large-height":381,"1536x1536":"https:\/\/gerdarsafn.kopavogur.is\/wp-content\/uploads\/2023\/01\/Syning-THorvaldar-i-Asmundarsal-artal-vantar.jpg","1536x1536-width":600,"1536x1536-height":381,"2048x2048":"https:\/\/gerdarsafn.kopavogur.is\/wp-content\/uploads\/2023\/01\/Syning-THorvaldar-i-Asmundarsal-artal-vantar.jpg","2048x2048-width":600,"2048x2048-height":381,"meko-homehero":"https:\/\/gerdarsafn.kopavogur.is\/wp-content\/uploads\/2023\/01\/Syning-THorvaldar-i-Asmundarsal-artal-vantar.jpg","meko-homehero-width":600,"meko-homehero-height":381,"meko-event-block":"https:\/\/gerdarsafn.kopavogur.is\/wp-content\/uploads\/2023\/01\/Syning-THorvaldar-i-Asmundarsal-artal-vantar-192x192.jpg","meko-event-block-width":192,"meko-event-block-height":192,"meko-article-thumbnail":"https:\/\/gerdarsafn.kopavogur.is\/wp-content\/uploads\/2023\/01\/Syning-THorvaldar-i-Asmundarsal-artal-vantar-250x140.jpg","meko-article-thumbnail-width":250,"meko-article-thumbnail-height":140,"meko-menning-i-kopavogi":"https:\/\/gerdarsafn.kopavogur.is\/wp-content\/uploads\/2023\/01\/Syning-THorvaldar-i-Asmundarsal-artal-vantar.jpg","meko-menning-i-kopavogi-width":600,"meko-menning-i-kopavogi-height":381,"meko-editorial-link":"https:\/\/gerdarsafn.kopavogur.is\/wp-content\/uploads\/2023\/01\/Syning-THorvaldar-i-Asmundarsal-artal-vantar-360x190.jpg","meko-editorial-link-width":360,"meko-editorial-link-height":190,"meko-article-thumbnail-ch":"https:\/\/gerdarsafn.kopavogur.is\/wp-content\/uploads\/2023\/01\/Syning-THorvaldar-i-Asmundarsal-artal-vantar-360x202.jpg","meko-article-thumbnail-ch-width":360,"meko-article-thumbnail-ch-height":202,"meko-event-block-ch":"https:\/\/gerdarsafn.kopavogur.is\/wp-content\/uploads\/2023\/01\/Syning-THorvaldar-i-Asmundarsal-artal-vantar-426x240.jpg","meko-event-block-ch-width":426,"meko-event-block-ch-height":240}},{"ID":18453,"id":18453,"title":"Syning-Karls-Kvaran-1957","filename":"Syning-Karls-Kvaran-1957.jpg","filesize":87343,"url":"https:\/\/gerdarsafn.kopavogur.is\/wp-content\/uploads\/2023\/01\/Syning-Karls-Kvaran-1957.jpg","link":"https:\/\/gerdarsafn.kopavogur.is\/en\/event\/geometria_\/syning-karls-kvaran-1957-2\/","alt":"","author":"1","description":"","caption":"","name":"syning-karls-kvaran-1957-2","status":"inherit","uploaded_to":22346,"date":"2023-01-10 11:51:23","modified":"2023-06-26 11:56:52","menu_order":0,"mime_type":"image\/jpeg","type":"image","subtype":"jpeg","icon":"https:\/\/gerdarsafn.kopavogur.is\/wp-includes\/images\/media\/default.png","width":600,"height":603,"sizes":{"thumbnail":"https:\/\/gerdarsafn.kopavogur.is\/wp-content\/uploads\/2023\/01\/Syning-Karls-Kvaran-1957-150x150.jpg","thumbnail-width":150,"thumbnail-height":150,"medium":"https:\/\/gerdarsafn.kopavogur.is\/wp-content\/uploads\/2023\/01\/Syning-Karls-Kvaran-1957-300x300.jpg","medium-width":300,"medium-height":300,"medium_large":"https:\/\/gerdarsafn.kopavogur.is\/wp-content\/uploads\/2023\/01\/Syning-Karls-Kvaran-1957.jpg","medium_large-width":600,"medium_large-height":603,"large":"https:\/\/gerdarsafn.kopavogur.is\/wp-content\/uploads\/2023\/01\/Syning-Karls-Kvaran-1957.jpg","large-width":600,"large-height":603,"1536x1536":"https:\/\/gerdarsafn.kopavogur.is\/wp-content\/uploads\/2023\/01\/Syning-Karls-Kvaran-1957.jpg","1536x1536-width":600,"1536x1536-height":603,"2048x2048":"https:\/\/gerdarsafn.kopavogur.is\/wp-content\/uploads\/2023\/01\/Syning-Karls-Kvaran-1957.jpg","2048x2048-width":600,"2048x2048-height":603,"meko-homehero":"https:\/\/gerdarsafn.kopavogur.is\/wp-content\/uploads\/2023\/01\/Syning-Karls-Kvaran-1957.jpg","meko-homehero-width":600,"meko-homehero-height":603,"meko-event-block":"https:\/\/gerdarsafn.kopavogur.is\/wp-content\/uploads\/2023\/01\/Syning-Karls-Kvaran-1957-192x192.jpg","meko-event-block-width":192,"meko-event-block-height":192,"meko-article-thumbnail":"https:\/\/gerdarsafn.kopavogur.is\/wp-content\/uploads\/2023\/01\/Syning-Karls-Kvaran-1957-250x140.jpg","meko-article-thumbnail-width":250,"meko-article-thumbnail-height":140,"meko-menning-i-kopavogi":"https:\/\/gerdarsafn.kopavogur.is\/wp-content\/uploads\/2023\/01\/Syning-Karls-Kvaran-1957-600x512.jpg","meko-menning-i-kopavogi-width":600,"meko-menning-i-kopavogi-height":512,"meko-editorial-link":"https:\/\/gerdarsafn.kopavogur.is\/wp-content\/uploads\/2023\/01\/Syning-Karls-Kvaran-1957-360x190.jpg","meko-editorial-link-width":360,"meko-editorial-link-height":190,"meko-article-thumbnail-ch":"https:\/\/gerdarsafn.kopavogur.is\/wp-content\/uploads\/2023\/01\/Syning-Karls-Kvaran-1957-360x202.jpg","meko-article-thumbnail-ch-width":360,"meko-article-thumbnail-ch-height":202,"meko-event-block-ch":"https:\/\/gerdarsafn.kopavogur.is\/wp-content\/uploads\/2023\/01\/Syning-Karls-Kvaran-1957-426x240.jpg","meko-event-block-ch-width":426,"meko-event-block-ch-height":240}},{"ID":18451,"id":18451,"title":"Syning-Gudmundar-Ben.-Artal-vantar-Syning-verslun-Bankastraeti","filename":"Syning-Gudmundar-Ben.-Artal-vantar-Syning-verslun-Bankastraeti.jpg","filesize":87413,"url":"https:\/\/gerdarsafn.kopavogur.is\/wp-content\/uploads\/2023\/01\/Syning-Gudmundar-Ben.-Artal-vantar-Syning-verslun-Bankastraeti.jpg","link":"https:\/\/gerdarsafn.kopavogur.is\/en\/event\/geometria_\/syning-gudmundar-ben-artal-vantar-syning-verslun-bankastraeti-2\/","alt":"","author":"1","description":"","caption":"","name":"syning-gudmundar-ben-artal-vantar-syning-verslun-bankastraeti-2","status":"inherit","uploaded_to":22346,"date":"2023-01-10 11:51:23","modified":"2023-06-26 11:56:52","menu_order":0,"mime_type":"image\/jpeg","type":"image","subtype":"jpeg","icon":"https:\/\/gerdarsafn.kopavogur.is\/wp-includes\/images\/media\/default.png","width":600,"height":593,"sizes":{"thumbnail":"https:\/\/gerdarsafn.kopavogur.is\/wp-content\/uploads\/2023\/01\/Syning-Gudmundar-Ben.-Artal-vantar-Syning-verslun-Bankastraeti-150x150.jpg","thumbnail-width":150,"thumbnail-height":150,"medium":"https:\/\/gerdarsafn.kopavogur.is\/wp-content\/uploads\/2023\/01\/Syning-Gudmundar-Ben.-Artal-vantar-Syning-verslun-Bankastraeti-300x297.jpg","medium-width":300,"medium-height":297,"medium_large":"https:\/\/gerdarsafn.kopavogur.is\/wp-content\/uploads\/2023\/01\/Syning-Gudmundar-Ben.-Artal-vantar-Syning-verslun-Bankastraeti.jpg","medium_large-width":600,"medium_large-height":593,"large":"https:\/\/gerdarsafn.kopavogur.is\/wp-content\/uploads\/2023\/01\/Syning-Gudmundar-Ben.-Artal-vantar-Syning-verslun-Bankastraeti.jpg","large-width":600,"large-height":593,"1536x1536":"https:\/\/gerdarsafn.kopavogur.is\/wp-content\/uploads\/2023\/01\/Syning-Gudmundar-Ben.-Artal-vantar-Syning-verslun-Bankastraeti.jpg","1536x1536-width":600,"1536x1536-height":593,"2048x2048":"https:\/\/gerdarsafn.kopavogur.is\/wp-content\/uploads\/2023\/01\/Syning-Gudmundar-Ben.-Artal-vantar-Syning-verslun-Bankastraeti.jpg","2048x2048-width":600,"2048x2048-height":593,"meko-homehero":"https:\/\/gerdarsafn.kopavogur.is\/wp-content\/uploads\/2023\/01\/Syning-Gudmundar-Ben.-Artal-vantar-Syning-verslun-Bankastraeti.jpg","meko-homehero-width":600,"meko-homehero-height":593,"meko-event-block":"https:\/\/gerdarsafn.kopavogur.is\/wp-content\/uploads\/2023\/01\/Syning-Gudmundar-Ben.-Artal-vantar-Syning-verslun-Bankastraeti-192x192.jpg","meko-event-block-width":192,"meko-event-block-height":192,"meko-article-thumbnail":"https:\/\/gerdarsafn.kopavogur.is\/wp-content\/uploads\/2023\/01\/Syning-Gudmundar-Ben.-Artal-vantar-Syning-verslun-Bankastraeti-250x140.jpg","meko-article-thumbnail-width":250,"meko-article-thumbnail-height":140,"meko-menning-i-kopavogi":"https:\/\/gerdarsafn.kopavogur.is\/wp-content\/uploads\/2023\/01\/Syning-Gudmundar-Ben.-Artal-vantar-Syning-verslun-Bankastraeti-600x512.jpg","meko-menning-i-kopavogi-width":600,"meko-menning-i-kopavogi-height":512,"meko-editorial-link":"https:\/\/gerdarsafn.kopavogur.is\/wp-content\/uploads\/2023\/01\/Syning-Gudmundar-Ben.-Artal-vantar-Syning-verslun-Bankastraeti-360x190.jpg","meko-editorial-link-width":360,"meko-editorial-link-height":190,"meko-article-thumbnail-ch":"https:\/\/gerdarsafn.kopavogur.is\/wp-content\/uploads\/2023\/01\/Syning-Gudmundar-Ben.-Artal-vantar-Syning-verslun-Bankastraeti-360x202.jpg","meko-article-thumbnail-ch-width":360,"meko-article-thumbnail-ch-height":202,"meko-event-block-ch":"https:\/\/gerdarsafn.kopavogur.is\/wp-content\/uploads\/2023\/01\/Syning-Gudmundar-Ben.-Artal-vantar-Syning-verslun-Bankastraeti-426x240.jpg","meko-event-block-ch-width":426,"meko-event-block-ch-height":240}},{"ID":18445,"id":18445,"title":"Svifverk-Gerdar-Helgadottur-scaled","filename":"Svifverk-Gerdar-Helgadottur-scaled-1.jpeg","filesize":503849,"url":"https:\/\/gerdarsafn.kopavogur.is\/wp-content\/uploads\/2023\/01\/Svifverk-Gerdar-Helgadottur-scaled-1.jpeg","link":"https:\/\/gerdarsafn.kopavogur.is\/en\/event\/geometria_\/svifverk-gerdar-helgadottur-scaled-2\/","alt":"","author":"1","description":"","caption":"","name":"svifverk-gerdar-helgadottur-scaled-2","status":"inherit","uploaded_to":22346,"date":"2023-01-10 11:51:20","modified":"2023-06-26 11:56:52","menu_order":0,"mime_type":"image\/jpeg","type":"image","subtype":"jpeg","icon":"https:\/\/gerdarsafn.kopavogur.is\/wp-includes\/images\/media\/default.png","width":2066,"height":2560,"sizes":{"thumbnail":"https:\/\/gerdarsafn.kopavogur.is\/wp-content\/uploads\/2023\/01\/Svifverk-Gerdar-Helgadottur-scaled-1-150x150.jpeg","thumbnail-width":150,"thumbnail-height":150,"medium":"https:\/\/gerdarsafn.kopavogur.is\/wp-content\/uploads\/2023\/01\/Svifverk-Gerdar-Helgadottur-scaled-1-242x300.jpeg","medium-width":242,"medium-height":300,"medium_large":"https:\/\/gerdarsafn.kopavogur.is\/wp-content\/uploads\/2023\/01\/Svifverk-Gerdar-Helgadottur-scaled-1-768x952.jpeg","medium_large-width":768,"medium_large-height":952,"large":"https:\/\/gerdarsafn.kopavogur.is\/wp-content\/uploads\/2023\/01\/Svifverk-Gerdar-Helgadottur-scaled-1-826x1024.jpeg","large-width":800,"large-height":992,"1536x1536":"https:\/\/gerdarsafn.kopavogur.is\/wp-content\/uploads\/2023\/01\/Svifverk-Gerdar-Helgadottur-scaled-1-1240x1536.jpeg","1536x1536-width":1240,"1536x1536-height":1536,"2048x2048":"https:\/\/gerdarsafn.kopavogur.is\/wp-content\/uploads\/2023\/01\/Svifverk-Gerdar-Helgadottur-scaled-1-1653x2048.jpeg","2048x2048-width":1653,"2048x2048-height":2048,"meko-homehero":"https:\/\/gerdarsafn.kopavogur.is\/wp-content\/uploads\/2023\/01\/Svifverk-Gerdar-Helgadottur-scaled-1-1440x615.jpeg","meko-homehero-width":1440,"meko-homehero-height":615,"meko-event-block":"https:\/\/gerdarsafn.kopavogur.is\/wp-content\/uploads\/2023\/01\/Svifverk-Gerdar-Helgadottur-scaled-1-192x192.jpeg","meko-event-block-width":192,"meko-event-block-height":192,"meko-article-thumbnail":"https:\/\/gerdarsafn.kopavogur.is\/wp-content\/uploads\/2023\/01\/Svifverk-Gerdar-Helgadottur-scaled-1-250x140.jpeg","meko-article-thumbnail-width":250,"meko-article-thumbnail-height":140,"meko-menning-i-kopavogi":"https:\/\/gerdarsafn.kopavogur.is\/wp-content\/uploads\/2023\/01\/Svifverk-Gerdar-Helgadottur-scaled-1-768x512.jpeg","meko-menning-i-kopavogi-width":768,"meko-menning-i-kopavogi-height":512,"meko-editorial-link":"https:\/\/gerdarsafn.kopavogur.is\/wp-content\/uploads\/2023\/01\/Svifverk-Gerdar-Helgadottur-scaled-1-360x190.jpeg","meko-editorial-link-width":360,"meko-editorial-link-height":190,"meko-article-thumbnail-ch":"https:\/\/gerdarsafn.kopavogur.is\/wp-content\/uploads\/2023\/01\/Svifverk-Gerdar-Helgadottur-scaled-1-360x202.jpeg","meko-article-thumbnail-ch-width":360,"meko-article-thumbnail-ch-height":202,"meko-event-block-ch":"https:\/\/gerdarsafn.kopavogur.is\/wp-content\/uploads\/2023\/01\/Svifverk-Gerdar-Helgadottur-scaled-1-426x240.jpeg","meko-event-block-ch-width":426,"meko-event-block-ch-height":240}},{"ID":18443,"id":18443,"title":"Septembersyning-1951-scaled","filename":"Septembersyning-1951-scaled-1.jpg","filesize":442011,"url":"https:\/\/gerdarsafn.kopavogur.is\/wp-content\/uploads\/2023\/01\/Septembersyning-1951-scaled-1.jpg","link":"https:\/\/gerdarsafn.kopavogur.is\/en\/event\/geometria_\/septembersyning-1951-scaled-2\/","alt":"","author":"1","description":"","caption":"","name":"septembersyning-1951-scaled-2","status":"inherit","uploaded_to":22346,"date":"2023-01-10 11:51:19","modified":"2023-06-26 11:56:52","menu_order":0,"mime_type":"image\/jpeg","type":"image","subtype":"jpeg","icon":"https:\/\/gerdarsafn.kopavogur.is\/wp-includes\/images\/media\/default.png","width":2560,"height":1662,"sizes":{"thumbnail":"https:\/\/gerdarsafn.kopavogur.is\/wp-content\/uploads\/2023\/01\/Septembersyning-1951-scaled-1-150x150.jpg","thumbnail-width":150,"thumbnail-height":150,"medium":"https:\/\/gerdarsafn.kopavogur.is\/wp-content\/uploads\/2023\/01\/Septembersyning-1951-scaled-1-300x195.jpg","medium-width":300,"medium-height":195,"medium_large":"https:\/\/gerdarsafn.kopavogur.is\/wp-content\/uploads\/2023\/01\/Septembersyning-1951-scaled-1-768x499.jpg","medium_large-width":768,"medium_large-height":499,"large":"https:\/\/gerdarsafn.kopavogur.is\/wp-content\/uploads\/2023\/01\/Septembersyning-1951-scaled-1-1024x665.jpg","large-width":800,"large-height":520,"1536x1536":"https:\/\/gerdarsafn.kopavogur.is\/wp-content\/uploads\/2023\/01\/Septembersyning-1951-scaled-1-1536x997.jpg","1536x1536-width":1536,"1536x1536-height":997,"2048x2048":"https:\/\/gerdarsafn.kopavogur.is\/wp-content\/uploads\/2023\/01\/Septembersyning-1951-scaled-1-2048x1330.jpg","2048x2048-width":2048,"2048x2048-height":1330,"meko-homehero":"https:\/\/gerdarsafn.kopavogur.is\/wp-content\/uploads\/2023\/01\/Septembersyning-1951-scaled-1-1440x615.jpg","meko-homehero-width":1440,"meko-homehero-height":615,"meko-event-block":"https:\/\/gerdarsafn.kopavogur.is\/wp-content\/uploads\/2023\/01\/Septembersyning-1951-scaled-1-192x192.jpg","meko-event-block-width":192,"meko-event-block-height":192,"meko-article-thumbnail":"https:\/\/gerdarsafn.kopavogur.is\/wp-content\/uploads\/2023\/01\/Septembersyning-1951-scaled-1-250x140.jpg","meko-article-thumbnail-width":250,"meko-article-thumbnail-height":140,"meko-menning-i-kopavogi":"https:\/\/gerdarsafn.kopavogur.is\/wp-content\/uploads\/2023\/01\/Septembersyning-1951-scaled-1-768x512.jpg","meko-menning-i-kopavogi-width":768,"meko-menning-i-kopavogi-height":512,"meko-editorial-link":"https:\/\/gerdarsafn.kopavogur.is\/wp-content\/uploads\/2023\/01\/Septembersyning-1951-scaled-1-360x190.jpg","meko-editorial-link-width":360,"meko-editorial-link-height":190,"meko-article-thumbnail-ch":"https:\/\/gerdarsafn.kopavogur.is\/wp-content\/uploads\/2023\/01\/Septembersyning-1951-scaled-1-360x202.jpg","meko-article-thumbnail-ch-width":360,"meko-article-thumbnail-ch-height":202,"meko-event-block-ch":"https:\/\/gerdarsafn.kopavogur.is\/wp-content\/uploads\/2023\/01\/Septembersyning-1951-scaled-1-426x240.jpg","meko-event-block-ch-width":426,"meko-event-block-ch-height":240}},{"ID":18431,"id":18431,"title":"Nina-Tryggvadottir-i-vinnustofu-sinni-1955","filename":"Nina-Tryggvadottir-i-vinnustofu-sinni-1955.jpg","filesize":158916,"url":"https:\/\/gerdarsafn.kopavogur.is\/wp-content\/uploads\/2023\/01\/Nina-Tryggvadottir-i-vinnustofu-sinni-1955.jpg","link":"https:\/\/gerdarsafn.kopavogur.is\/en\/event\/geometria_\/nina-tryggvadottir-i-vinnustofu-sinni-1955-2\/","alt":"","author":"1","description":"","caption":"","name":"nina-tryggvadottir-i-vinnustofu-sinni-1955-2","status":"inherit","uploaded_to":22346,"date":"2023-01-10 11:51:17","modified":"2023-06-26 11:56:52","menu_order":0,"mime_type":"image\/jpeg","type":"image","subtype":"jpeg","icon":"https:\/\/gerdarsafn.kopavogur.is\/wp-includes\/images\/media\/default.png","width":1163,"height":663,"sizes":{"thumbnail":"https:\/\/gerdarsafn.kopavogur.is\/wp-content\/uploads\/2023\/01\/Nina-Tryggvadottir-i-vinnustofu-sinni-1955-150x150.jpg","thumbnail-width":150,"thumbnail-height":150,"medium":"https:\/\/gerdarsafn.kopavogur.is\/wp-content\/uploads\/2023\/01\/Nina-Tryggvadottir-i-vinnustofu-sinni-1955-300x171.jpg","medium-width":300,"medium-height":171,"medium_large":"https:\/\/gerdarsafn.kopavogur.is\/wp-content\/uploads\/2023\/01\/Nina-Tryggvadottir-i-vinnustofu-sinni-1955-768x438.jpg","medium_large-width":768,"medium_large-height":438,"large":"https:\/\/gerdarsafn.kopavogur.is\/wp-content\/uploads\/2023\/01\/Nina-Tryggvadottir-i-vinnustofu-sinni-1955-1024x584.jpg","large-width":800,"large-height":456,"1536x1536":"https:\/\/gerdarsafn.kopavogur.is\/wp-content\/uploads\/2023\/01\/Nina-Tryggvadottir-i-vinnustofu-sinni-1955.jpg","1536x1536-width":1163,"1536x1536-height":663,"2048x2048":"https:\/\/gerdarsafn.kopavogur.is\/wp-content\/uploads\/2023\/01\/Nina-Tryggvadottir-i-vinnustofu-sinni-1955.jpg","2048x2048-width":1163,"2048x2048-height":663,"meko-homehero":"https:\/\/gerdarsafn.kopavogur.is\/wp-content\/uploads\/2023\/01\/Nina-Tryggvadottir-i-vinnustofu-sinni-1955-1163x615.jpg","meko-homehero-width":1163,"meko-homehero-height":615,"meko-event-block":"https:\/\/gerdarsafn.kopavogur.is\/wp-content\/uploads\/2023\/01\/Nina-Tryggvadottir-i-vinnustofu-sinni-1955-192x192.jpg","meko-event-block-width":192,"meko-event-block-height":192,"meko-article-thumbnail":"https:\/\/gerdarsafn.kopavogur.is\/wp-content\/uploads\/2023\/01\/Nina-Tryggvadottir-i-vinnustofu-sinni-1955-250x140.jpg","meko-article-thumbnail-width":250,"meko-article-thumbnail-height":140,"meko-menning-i-kopavogi":"https:\/\/gerdarsafn.kopavogur.is\/wp-content\/uploads\/2023\/01\/Nina-Tryggvadottir-i-vinnustofu-sinni-1955-768x512.jpg","meko-menning-i-kopavogi-width":768,"meko-menning-i-kopavogi-height":512,"meko-editorial-link":"https:\/\/gerdarsafn.kopavogur.is\/wp-content\/uploads\/2023\/01\/Nina-Tryggvadottir-i-vinnustofu-sinni-1955-360x190.jpg","meko-editorial-link-width":360,"meko-editorial-link-height":190,"meko-article-thumbnail-ch":"https:\/\/gerdarsafn.kopavogur.is\/wp-content\/uploads\/2023\/01\/Nina-Tryggvadottir-i-vinnustofu-sinni-1955-360x202.jpg","meko-article-thumbnail-ch-width":360,"meko-article-thumbnail-ch-height":202,"meko-event-block-ch":"https:\/\/gerdarsafn.kopavogur.is\/wp-content\/uploads\/2023\/01\/Nina-Tryggvadottir-i-vinnustofu-sinni-1955-426x240.jpg","meko-event-block-ch-width":426,"meko-event-block-ch-height":240}},{"ID":18441,"id":18441,"title":"Nina-Tryggvadottir-1956","filename":"Nina-Tryggvadottir-1956.jpg","filesize":97352,"url":"https:\/\/gerdarsafn.kopavogur.is\/wp-content\/uploads\/2023\/01\/Nina-Tryggvadottir-1956.jpg","link":"https:\/\/gerdarsafn.kopavogur.is\/en\/event\/geometria_\/nina-tryggvadottir-1956-2\/","alt":"","author":"1","description":"","caption":"","name":"nina-tryggvadottir-1956-2","status":"inherit","uploaded_to":22346,"date":"2023-01-10 11:51:19","modified":"2023-06-26 11:56:52","menu_order":0,"mime_type":"image\/jpeg","type":"image","subtype":"jpeg","icon":"https:\/\/gerdarsafn.kopavogur.is\/wp-includes\/images\/media\/default.png","width":600,"height":601,"sizes":{"thumbnail":"https:\/\/gerdarsafn.kopavogur.is\/wp-content\/uploads\/2023\/01\/Nina-Tryggvadottir-1956-150x150.jpg","thumbnail-width":150,"thumbnail-height":150,"medium":"https:\/\/gerdarsafn.kopavogur.is\/wp-content\/uploads\/2023\/01\/Nina-Tryggvadottir-1956-300x300.jpg","medium-width":300,"medium-height":300,"medium_large":"https:\/\/gerdarsafn.kopavogur.is\/wp-content\/uploads\/2023\/01\/Nina-Tryggvadottir-1956.jpg","medium_large-width":600,"medium_large-height":601,"large":"https:\/\/gerdarsafn.kopavogur.is\/wp-content\/uploads\/2023\/01\/Nina-Tryggvadottir-1956.jpg","large-width":600,"large-height":601,"1536x1536":"https:\/\/gerdarsafn.kopavogur.is\/wp-content\/uploads\/2023\/01\/Nina-Tryggvadottir-1956.jpg","1536x1536-width":600,"1536x1536-height":601,"2048x2048":"https:\/\/gerdarsafn.kopavogur.is\/wp-content\/uploads\/2023\/01\/Nina-Tryggvadottir-1956.jpg","2048x2048-width":600,"2048x2048-height":601,"meko-homehero":"https:\/\/gerdarsafn.kopavogur.is\/wp-content\/uploads\/2023\/01\/Nina-Tryggvadottir-1956.jpg","meko-homehero-width":600,"meko-homehero-height":601,"meko-event-block":"https:\/\/gerdarsafn.kopavogur.is\/wp-content\/uploads\/2023\/01\/Nina-Tryggvadottir-1956-192x192.jpg","meko-event-block-width":192,"meko-event-block-height":192,"meko-article-thumbnail":"https:\/\/gerdarsafn.kopavogur.is\/wp-content\/uploads\/2023\/01\/Nina-Tryggvadottir-1956-250x140.jpg","meko-article-thumbnail-width":250,"meko-article-thumbnail-height":140,"meko-menning-i-kopavogi":"https:\/\/gerdarsafn.kopavogur.is\/wp-content\/uploads\/2023\/01\/Nina-Tryggvadottir-1956-600x512.jpg","meko-menning-i-kopavogi-width":600,"meko-menning-i-kopavogi-height":512,"meko-editorial-link":"https:\/\/gerdarsafn.kopavogur.is\/wp-content\/uploads\/2023\/01\/Nina-Tryggvadottir-1956-360x190.jpg","meko-editorial-link-width":360,"meko-editorial-link-height":190,"meko-article-thumbnail-ch":"https:\/\/gerdarsafn.kopavogur.is\/wp-content\/uploads\/2023\/01\/Nina-Tryggvadottir-1956-360x202.jpg","meko-article-thumbnail-ch-width":360,"meko-article-thumbnail-ch-height":202,"meko-event-block-ch":"https:\/\/gerdarsafn.kopavogur.is\/wp-content\/uploads\/2023\/01\/Nina-Tryggvadottir-1956-426x240.jpg","meko-event-block-ch-width":426,"meko-event-block-ch-height":240}},{"ID":18439,"id":18439,"title":"Hordur-Agustsson-vid-veggverk-sitt-i-Arnarhvoll-1957","filename":"Hordur-Agustsson-vid-veggverk-sitt-i-Arnarhvoll-1957.jpg","filesize":105946,"url":"https:\/\/gerdarsafn.kopavogur.is\/wp-content\/uploads\/2023\/01\/Hordur-Agustsson-vid-veggverk-sitt-i-Arnarhvoll-1957.jpg","link":"https:\/\/gerdarsafn.kopavogur.is\/en\/event\/geometria_\/hordur-agustsson-vid-veggverk-sitt-i-arnarhvoll-1957-2\/","alt":"","author":"1","description":"","caption":"","name":"hordur-agustsson-vid-veggverk-sitt-i-arnarhvoll-1957-2","status":"inherit","uploaded_to":22346,"date":"2023-01-10 11:51:19","modified":"2023-06-26 11:56:52","menu_order":0,"mime_type":"image\/jpeg","type":"image","subtype":"jpeg","icon":"https:\/\/gerdarsafn.kopavogur.is\/wp-includes\/images\/media\/default.png","width":600,"height":591,"sizes":{"thumbnail":"https:\/\/gerdarsafn.kopavogur.is\/wp-content\/uploads\/2023\/01\/Hordur-Agustsson-vid-veggverk-sitt-i-Arnarhvoll-1957-150x150.jpg","thumbnail-width":150,"thumbnail-height":150,"medium":"https:\/\/gerdarsafn.kopavogur.is\/wp-content\/uploads\/2023\/01\/Hordur-Agustsson-vid-veggverk-sitt-i-Arnarhvoll-1957-300x296.jpg","medium-width":300,"medium-height":296,"medium_large":"https:\/\/gerdarsafn.kopavogur.is\/wp-content\/uploads\/2023\/01\/Hordur-Agustsson-vid-veggverk-sitt-i-Arnarhvoll-1957.jpg","medium_large-width":600,"medium_large-height":591,"large":"https:\/\/gerdarsafn.kopavogur.is\/wp-content\/uploads\/2023\/01\/Hordur-Agustsson-vid-veggverk-sitt-i-Arnarhvoll-1957.jpg","large-width":600,"large-height":591,"1536x1536":"https:\/\/gerdarsafn.kopavogur.is\/wp-content\/uploads\/2023\/01\/Hordur-Agustsson-vid-veggverk-sitt-i-Arnarhvoll-1957.jpg","1536x1536-width":600,"1536x1536-height":591,"2048x2048":"https:\/\/gerdarsafn.kopavogur.is\/wp-content\/uploads\/2023\/01\/Hordur-Agustsson-vid-veggverk-sitt-i-Arnarhvoll-1957.jpg","2048x2048-width":600,"2048x2048-height":591,"meko-homehero":"https:\/\/gerdarsafn.kopavogur.is\/wp-content\/uploads\/2023\/01\/Hordur-Agustsson-vid-veggverk-sitt-i-Arnarhvoll-1957.jpg","meko-homehero-width":600,"meko-homehero-height":591,"meko-event-block":"https:\/\/gerdarsafn.kopavogur.is\/wp-content\/uploads\/2023\/01\/Hordur-Agustsson-vid-veggverk-sitt-i-Arnarhvoll-1957-192x192.jpg","meko-event-block-width":192,"meko-event-block-height":192,"meko-article-thumbnail":"https:\/\/gerdarsafn.kopavogur.is\/wp-content\/uploads\/2023\/01\/Hordur-Agustsson-vid-veggverk-sitt-i-Arnarhvoll-1957-250x140.jpg","meko-article-thumbnail-width":250,"meko-article-thumbnail-height":140,"meko-menning-i-kopavogi":"https:\/\/gerdarsafn.kopavogur.is\/wp-content\/uploads\/2023\/01\/Hordur-Agustsson-vid-veggverk-sitt-i-Arnarhvoll-1957-600x512.jpg","meko-menning-i-kopavogi-width":600,"meko-menning-i-kopavogi-height":512,"meko-editorial-link":"https:\/\/gerdarsafn.kopavogur.is\/wp-content\/uploads\/2023\/01\/Hordur-Agustsson-vid-veggverk-sitt-i-Arnarhvoll-1957-360x190.jpg","meko-editorial-link-width":360,"meko-editorial-link-height":190,"meko-article-thumbnail-ch":"https:\/\/gerdarsafn.kopavogur.is\/wp-content\/uploads\/2023\/01\/Hordur-Agustsson-vid-veggverk-sitt-i-Arnarhvoll-1957-360x202.jpg","meko-article-thumbnail-ch-width":360,"meko-article-thumbnail-ch-height":202,"meko-event-block-ch":"https:\/\/gerdarsafn.kopavogur.is\/wp-content\/uploads\/2023\/01\/Hordur-Agustsson-vid-veggverk-sitt-i-Arnarhvoll-1957-426x240.jpg","meko-event-block-ch-width":426,"meko-event-block-ch-height":240}},{"ID":18437,"id":18437,"title":"Asgerdur-Buadottir","filename":"Asgerdur-Buadottir.jpg","filesize":69964,"url":"https:\/\/gerdarsafn.kopavogur.is\/wp-content\/uploads\/2023\/01\/Asgerdur-Buadottir.jpg","link":"https:\/\/gerdarsafn.kopavogur.is\/en\/event\/geometria_\/asgerdur-buadottir-2\/","alt":"","author":"1","description":"","caption":"","name":"asgerdur-buadottir-2","status":"inherit","uploaded_to":22346,"date":"2023-01-10 11:51:18","modified":"2023-06-26 11:56:52","menu_order":0,"mime_type":"image\/jpeg","type":"image","subtype":"jpeg","icon":"https:\/\/gerdarsafn.kopavogur.is\/wp-includes\/images\/media\/default.png","width":600,"height":400,"sizes":{"thumbnail":"https:\/\/gerdarsafn.kopavogur.is\/wp-content\/uploads\/2023\/01\/Asgerdur-Buadottir-150x150.jpg","thumbnail-width":150,"thumbnail-height":150,"medium":"https:\/\/gerdarsafn.kopavogur.is\/wp-content\/uploads\/2023\/01\/Asgerdur-Buadottir-300x200.jpg","medium-width":300,"medium-height":200,"medium_large":"https:\/\/gerdarsafn.kopavogur.is\/wp-content\/uploads\/2023\/01\/Asgerdur-Buadottir.jpg","medium_large-width":600,"medium_large-height":400,"large":"https:\/\/gerdarsafn.kopavogur.is\/wp-content\/uploads\/2023\/01\/Asgerdur-Buadottir.jpg","large-width":600,"large-height":400,"1536x1536":"https:\/\/gerdarsafn.kopavogur.is\/wp-content\/uploads\/2023\/01\/Asgerdur-Buadottir.jpg","1536x1536-width":600,"1536x1536-height":400,"2048x2048":"https:\/\/gerdarsafn.kopavogur.is\/wp-content\/uploads\/2023\/01\/Asgerdur-Buadottir.jpg","2048x2048-width":600,"2048x2048-height":400,"meko-homehero":"https:\/\/gerdarsafn.kopavogur.is\/wp-content\/uploads\/2023\/01\/Asgerdur-Buadottir.jpg","meko-homehero-width":600,"meko-homehero-height":400,"meko-event-block":"https:\/\/gerdarsafn.kopavogur.is\/wp-content\/uploads\/2023\/01\/Asgerdur-Buadottir-192x192.jpg","meko-event-block-width":192,"meko-event-block-height":192,"meko-article-thumbnail":"https:\/\/gerdarsafn.kopavogur.is\/wp-content\/uploads\/2023\/01\/Asgerdur-Buadottir-250x140.jpg","meko-article-thumbnail-width":250,"meko-article-thumbnail-height":140,"meko-menning-i-kopavogi":"https:\/\/gerdarsafn.kopavogur.is\/wp-content\/uploads\/2023\/01\/Asgerdur-Buadottir.jpg","meko-menning-i-kopavogi-width":600,"meko-menning-i-kopavogi-height":400,"meko-editorial-link":"https:\/\/gerdarsafn.kopavogur.is\/wp-content\/uploads\/2023\/01\/Asgerdur-Buadottir-360x190.jpg","meko-editorial-link-width":360,"meko-editorial-link-height":190,"meko-article-thumbnail-ch":"https:\/\/gerdarsafn.kopavogur.is\/wp-content\/uploads\/2023\/01\/Asgerdur-Buadottir-360x202.jpg","meko-article-thumbnail-ch-width":360,"meko-article-thumbnail-ch-height":202,"meko-event-block-ch":"https:\/\/gerdarsafn.kopavogur.is\/wp-content\/uploads\/2023\/01\/Asgerdur-Buadottir-426x240.jpg","meko-event-block-ch-width":426,"meko-event-block-ch-height":240}},{"ID":18435,"id":18435,"title":"THorvaldur-Skulason-i-vinnustofu-sinni-1956","filename":"THorvaldur-Skulason-i-vinnustofu-sinni-1956.jpg","filesize":96708,"url":"https:\/\/gerdarsafn.kopavogur.is\/wp-content\/uploads\/2023\/01\/THorvaldur-Skulason-i-vinnustofu-sinni-1956.jpg","link":"https:\/\/gerdarsafn.kopavogur.is\/en\/event\/geometria_\/thorvaldur-skulason-i-vinnustofu-sinni-1956-2\/","alt":"","author":"1","description":"","caption":"","name":"thorvaldur-skulason-i-vinnustofu-sinni-1956-2","status":"inherit","uploaded_to":22346,"date":"2023-01-10 11:51:18","modified":"2023-06-26 11:56:52","menu_order":0,"mime_type":"image\/jpeg","type":"image","subtype":"jpeg","icon":"https:\/\/gerdarsafn.kopavogur.is\/wp-includes\/images\/media\/default.png","width":600,"height":598,"sizes":{"thumbnail":"https:\/\/gerdarsafn.kopavogur.is\/wp-content\/uploads\/2023\/01\/THorvaldur-Skulason-i-vinnustofu-sinni-1956-150x150.jpg","thumbnail-width":150,"thumbnail-height":150,"medium":"https:\/\/gerdarsafn.kopavogur.is\/wp-content\/uploads\/2023\/01\/THorvaldur-Skulason-i-vinnustofu-sinni-1956-300x300.jpg","medium-width":300,"medium-height":300,"medium_large":"https:\/\/gerdarsafn.kopavogur.is\/wp-content\/uploads\/2023\/01\/THorvaldur-Skulason-i-vinnustofu-sinni-1956.jpg","medium_large-width":600,"medium_large-height":598,"large":"https:\/\/gerdarsafn.kopavogur.is\/wp-content\/uploads\/2023\/01\/THorvaldur-Skulason-i-vinnustofu-sinni-1956.jpg","large-width":600,"large-height":598,"1536x1536":"https:\/\/gerdarsafn.kopavogur.is\/wp-content\/uploads\/2023\/01\/THorvaldur-Skulason-i-vinnustofu-sinni-1956.jpg","1536x1536-width":600,"1536x1536-height":598,"2048x2048":"https:\/\/gerdarsafn.kopavogur.is\/wp-content\/uploads\/2023\/01\/THorvaldur-Skulason-i-vinnustofu-sinni-1956.jpg","2048x2048-width":600,"2048x2048-height":598,"meko-homehero":"https:\/\/gerdarsafn.kopavogur.is\/wp-content\/uploads\/2023\/01\/THorvaldur-Skulason-i-vinnustofu-sinni-1956.jpg","meko-homehero-width":600,"meko-homehero-height":598,"meko-event-block":"https:\/\/gerdarsafn.kopavogur.is\/wp-content\/uploads\/2023\/01\/THorvaldur-Skulason-i-vinnustofu-sinni-1956-192x192.jpg","meko-event-block-width":192,"meko-event-block-height":192,"meko-article-thumbnail":"https:\/\/gerdarsafn.kopavogur.is\/wp-content\/uploads\/2023\/01\/THorvaldur-Skulason-i-vinnustofu-sinni-1956-250x140.jpg","meko-article-thumbnail-width":250,"meko-article-thumbnail-height":140,"meko-menning-i-kopavogi":"https:\/\/gerdarsafn.kopavogur.is\/wp-content\/uploads\/2023\/01\/THorvaldur-Skulason-i-vinnustofu-sinni-1956-600x512.jpg","meko-menning-i-kopavogi-width":600,"meko-menning-i-kopavogi-height":512,"meko-editorial-link":"https:\/\/gerdarsafn.kopavogur.is\/wp-content\/uploads\/2023\/01\/THorvaldur-Skulason-i-vinnustofu-sinni-1956-360x190.jpg","meko-editorial-link-width":360,"meko-editorial-link-height":190,"meko-article-thumbnail-ch":"https:\/\/gerdarsafn.kopavogur.is\/wp-content\/uploads\/2023\/01\/THorvaldur-Skulason-i-vinnustofu-sinni-1956-360x202.jpg","meko-article-thumbnail-ch-width":360,"meko-article-thumbnail-ch-height":202,"meko-event-block-ch":"https:\/\/gerdarsafn.kopavogur.is\/wp-content\/uploads\/2023\/01\/THorvaldur-Skulason-i-vinnustofu-sinni-1956-426x240.jpg","meko-event-block-ch-width":426,"meko-event-block-ch-height":240}},{"ID":18447,"id":18447,"title":"Syning-Benedikts-Gunnarssonar-1954","filename":"Syning-Benedikts-Gunnarssonar-1954.jpg","filesize":82863,"url":"https:\/\/gerdarsafn.kopavogur.is\/wp-content\/uploads\/2023\/01\/Syning-Benedikts-Gunnarssonar-1954.jpg","link":"https:\/\/gerdarsafn.kopavogur.is\/en\/event\/geometria_\/syning-benedikts-gunnarssonar-1954-2\/","alt":"","author":"1","description":"","caption":"","name":"syning-benedikts-gunnarssonar-1954-2","status":"inherit","uploaded_to":22346,"date":"2023-01-10 11:51:21","modified":"2023-06-26 11:56:52","menu_order":0,"mime_type":"image\/jpeg","type":"image","subtype":"jpeg","icon":"https:\/\/gerdarsafn.kopavogur.is\/wp-includes\/images\/media\/default.png","width":900,"height":628,"sizes":{"thumbnail":"https:\/\/gerdarsafn.kopavogur.is\/wp-content\/uploads\/2023\/01\/Syning-Benedikts-Gunnarssonar-1954-150x150.jpg","thumbnail-width":150,"thumbnail-height":150,"medium":"https:\/\/gerdarsafn.kopavogur.is\/wp-content\/uploads\/2023\/01\/Syning-Benedikts-Gunnarssonar-1954-300x209.jpg","medium-width":300,"medium-height":209,"medium_large":"https:\/\/gerdarsafn.kopavogur.is\/wp-content\/uploads\/2023\/01\/Syning-Benedikts-Gunnarssonar-1954-768x536.jpg","medium_large-width":768,"medium_large-height":536,"large":"https:\/\/gerdarsafn.kopavogur.is\/wp-content\/uploads\/2023\/01\/Syning-Benedikts-Gunnarssonar-1954.jpg","large-width":800,"large-height":558,"1536x1536":"https:\/\/gerdarsafn.kopavogur.is\/wp-content\/uploads\/2023\/01\/Syning-Benedikts-Gunnarssonar-1954.jpg","1536x1536-width":900,"1536x1536-height":628,"2048x2048":"https:\/\/gerdarsafn.kopavogur.is\/wp-content\/uploads\/2023\/01\/Syning-Benedikts-Gunnarssonar-1954.jpg","2048x2048-width":900,"2048x2048-height":628,"meko-homehero":"https:\/\/gerdarsafn.kopavogur.is\/wp-content\/uploads\/2023\/01\/Syning-Benedikts-Gunnarssonar-1954-900x615.jpg","meko-homehero-width":900,"meko-homehero-height":615,"meko-event-block":"https:\/\/gerdarsafn.kopavogur.is\/wp-content\/uploads\/2023\/01\/Syning-Benedikts-Gunnarssonar-1954-192x192.jpg","meko-event-block-width":192,"meko-event-block-height":192,"meko-article-thumbnail":"https:\/\/gerdarsafn.kopavogur.is\/wp-content\/uploads\/2023\/01\/Syning-Benedikts-Gunnarssonar-1954-250x140.jpg","meko-article-thumbnail-width":250,"meko-article-thumbnail-height":140,"meko-menning-i-kopavogi":"https:\/\/gerdarsafn.kopavogur.is\/wp-content\/uploads\/2023\/01\/Syning-Benedikts-Gunnarssonar-1954-768x512.jpg","meko-menning-i-kopavogi-width":768,"meko-menning-i-kopavogi-height":512,"meko-editorial-link":"https:\/\/gerdarsafn.kopavogur.is\/wp-content\/uploads\/2023\/01\/Syning-Benedikts-Gunnarssonar-1954-360x190.jpg","meko-editorial-link-width":360,"meko-editorial-link-height":190,"meko-article-thumbnail-ch":"https:\/\/gerdarsafn.kopavogur.is\/wp-content\/uploads\/2023\/01\/Syning-Benedikts-Gunnarssonar-1954-360x202.jpg","meko-article-thumbnail-ch-width":360,"meko-article-thumbnail-ch-height":202,"meko-event-block-ch":"https:\/\/gerdarsafn.kopavogur.is\/wp-content\/uploads\/2023\/01\/Syning-Benedikts-Gunnarssonar-1954-426x240.jpg","meko-event-block-ch-width":426,"meko-event-block-ch-height":240}}],"embeddables":false,"attachments":[{"name":"S\u00ddNINGASKR\u00c1","description":"","attachment":"https:\/\/gerdarsafn.kopavogur.is\/wp-content\/uploads\/2023\/06\/Geometria_syningarskra.pdf"}],"related_events":[18458,18429,18381,18391,18464],"video_cover":"","artists":[{"artist_name":"\u00c1sger\u00f0ur B\u00faad\u00f3ttir"},{"artist_name":"\u00c1smundur Sveinsson"},{"artist_name":"Benedikt Gunnarsson"},{"artist_name":"Eir\u00edkur Smith"},{"artist_name":"Eyborg Gu\u00f0mundsd\u00f3ttir"},{"artist_name":"Ger\u00f0ur Helgad\u00f3ttir"},{"artist_name":"Gu\u00f0munda Andr\u00e9sd\u00f3ttir"},{"artist_name":"Gu\u00f0mundur Benediktsson"},{"artist_name":"Hafsteinn Austmann"},{"artist_name":"Hj\u00f6rleifur Sigur\u00f0sson"},{"artist_name":"H\u00f6r\u00f0ur \u00c1g\u00fastsson"},{"artist_name":"Karl Kvaran"},{"artist_name":"Kjartan Gu\u00f0j\u00f3nsson"},{"artist_name":"Krist\u00edn J\u00f3nsd\u00f3ttir fr\u00e1 Munka\u00fever\u00e1"},{"artist_name":"M\u00e1lfr\u00ed\u00f0ur Konr\u00e1\u00f0sd\u00f3ttir"},{"artist_name":"N\u00edna Tryggvad\u00f3ttir"},{"artist_name":"Skarph\u00e9\u00f0inn Haraldsson"},{"artist_name":"Svavar Gu\u00f0nason"},{"artist_name":"Sverrir Haraldsson"},{"artist_name":"Vala Enard Hafsta\u00f0"},{"artist_name":"Valt\u00fdr P\u00e9tursson"},{"artist_name":"\u00deorvaldur Sk\u00falason"}],"curator":"Brynja Sveinsd\u00f3ttir & Cecilie Gaihede.","pdf_cover":false,"pdf_file":false,"umfjollun":"","performers":false},"_links":{"self":[{"href":"https:\/\/gerdarsafn.kopavogur.is\/en\/wp-json\/wp\/v2\/event\/22346","targetHints":{"allow":["GET"]}}],"collection":[{"href":"https:\/\/gerdarsafn.kopavogur.is\/en\/wp-json\/wp\/v2\/event"}],"about":[{"href":"https:\/\/gerdarsafn.kopavogur.is\/en\/wp-json\/wp\/v2\/types\/event"}],"author":[{"embeddable":true,"href":"https:\/\/gerdarsafn.kopavogur.is\/en\/wp-json\/wp\/v2\/users\/1"}],"version-history":[{"count":0,"href":"https:\/\/gerdarsafn.kopavogur.is\/en\/wp-json\/wp\/v2\/event\/22346\/revisions"}],"wp:featuredmedia":[{"embeddable":true,"href":"https:\/\/gerdarsafn.kopavogur.is\/en\/wp-json\/wp\/v2\/media\/18462"}],"wp:attachment":[{"href":"https:\/\/gerdarsafn.kopavogur.is\/en\/wp-json\/wp\/v2\/media?parent=22346"}],"wp:term":[{"taxonomy":"cultural_house","embeddable":true,"href":"https:\/\/gerdarsafn.kopavogur.is\/en\/wp-json\/wp\/v2\/cultural_house?post=22346"},{"taxonomy":"event_category","embeddable":true,"href":"https:\/\/gerdarsafn.kopavogur.is\/en\/wp-json\/wp\/v2\/event_category?post=22346"},{"taxonomy":"event_tag","embeddable":true,"href":"https:\/\/gerdarsafn.kopavogur.is\/en\/wp-json\/wp\/v2\/event_tag?post=22346"},{"taxonomy":"event_umbrella","embeddable":true,"href":"https:\/\/gerdarsafn.kopavogur.is\/en\/wp-json\/wp\/v2\/event_umbrella?post=22346"}],"curies":[{"name":"wp","href":"https:\/\/api.w.org\/{rel}","templated":true}]}}