{"id":22953,"date":"2023-09-13T11:03:13","date_gmt":"2023-09-13T11:03:13","guid":{"rendered":"https:\/\/gerdarsafn.kopavogur.is\/event\/hljodheimur-fossvogs-opnun-utilistaverks\/"},"modified":"2023-09-13T11:07:15","modified_gmt":"2023-09-13T11:07:15","slug":"hljodheimur-fossvogs-opnun-utilistaverks","status":"publish","type":"event","link":"https:\/\/gerdarsafn.kopavogur.is\/en\/event\/hljodheimur-fossvogs-opnun-utilistaverks\/","title":{"rendered":"Hlj\u00f3\u00f0heimur Fossvogs | Opnun \u00fatilistaverks"},"content":{"rendered":"\n<p>Hlj\u00f3\u00f0heimur Fossvogs<\/p>\n\n\n\n<p>Veri\u00f0 velkomin \u00e1 opnun \u00fatilistaverksins \u201eHlj\u00f3\u00f0heimur Fossvogs\u201c sunnudaginn 17. september kl. 15 \u00ed Fossvogsdalnum, r\u00e9tt hj\u00e1 V\u00edkingsheimilinu. Verki\u00f0 er t\u00edmabundi\u00f0 \u00fatilistaverk sem virkjar samtal milli listar og n\u00e1tt\u00faru og er afur\u00f0 evr\u00f3psks samstarfsverkefnis sem Ger\u00f0arsafn og N\u00e1tt\u00farufr\u00e6\u00f0istofa K\u00f3pavogs eru a\u00f0ilar a\u00f0. \u00der\u00edr dansarar munu flytja dansgj\u00f6rning \u00e1 me\u00f0an opnuninni stendur inni \u00ed \u00fatilistaverkinu.<br>A\u00f0gangur er \u00f3keypis og \u00f6ll eru hjartanlega velkomin a\u00f0 koma!<\/p>\n\n\n\n<p>Verki\u00f0 \u201eHlj\u00f3\u00f0heimur Fossvogs\u201c birtir hlj\u00f3\u00f0heim Fossvogsdals me\u00f0 rekavi\u00f0 sem var safna\u00f0 \u00e1 str\u00f6ndum Hr\u00fatafjar\u00f0ar og Dj\u00fapav\u00edkur. Me\u00f0 \u00fev\u00ed a\u00f0 nota rekavi\u00f0 er leitast vi\u00f0 a\u00f0 bl\u00e1sa n\u00fdju l\u00edfi \u00ed efni sem er til sta\u00f0ar \u00e1n \u00feess a\u00f0 hafa sk\u00fdran tilgang.<\/p>\n\n\n\n<p>H\u00f6fundaverksins eru:<br>Michal Machcin\u00edk myndh\u00f6ggvari (Sl\u00f3vak\u00eda)<br>Maty\u00e1\u0161 Bar\u00e1k, h\u00f6nnu\u00f0ur (T\u00e9kkland)<br>Linde Hanna Rongen, dansari (\u00cdsland\/Holland)<br>Chiara Lusso, mannfr\u00e6\u00f0ingur (\u00cdtal\u00eda)<\/p>\n\n\n\n<p>RE-USER er evr\u00f3pskt samstarfsverkefni sem sn\u00fdr a\u00f0 tengslum myndlistar og n\u00e1tt\u00faru. L\u00f6ndin sem eru samstarfsa\u00f0ilar verkefnisins eru \u00cdsland, \u00cdtal\u00eda, Sl\u00f3vak\u00eda og T\u00e9kkland.<br>Tilgangur verkefnisins er fyrst og fremst a\u00f0 kanna m\u00f6rkin \u00e1 milli myndlistar og n\u00e1tt\u00faru me\u00f0 t\u00edmabundnum \u00fatilistaverkum.<\/p>\n\n\n\n<p>Haldi\u00f0 var opi\u00f0 kall \u00fear sem listam\u00f6nnum, n\u00e1tt\u00farufr\u00e6\u00f0ingum, mannfr\u00e6\u00f0ingum, s\u00fdningarstj\u00f3rum og fr\u00e6\u00f0im\u00f6nnum var bo\u00f0in \u00fe\u00e1tttaka og \u00ed kj\u00f6lfari\u00f0 var haldin st\u00f3r r\u00e1\u00f0stefna \u00ed Prag \u00fear sem samkeppni f\u00f3r fram og valdar voru \u00ferj\u00e1r till\u00f6gur sem settar eru upp \u00ed K\u00f3pavogi, Feneyjum og Usti nad Orlici \u00ed T\u00e9kklandi.<\/p>\n","protected":false},"excerpt":{"rendered":"<p>Hlj\u00f3\u00f0heimur Fossvogs Veri\u00f0 velkomin \u00e1 opnun \u00fatilistaverksins \u201eHlj\u00f3\u00f0heimur Fossvogs\u201c sunnudaginn 17. september kl. 15 \u00ed Fossvogsdalnum, r\u00e9tt hj\u00e1 V\u00edkingsheimilinu. Verki\u00f0 er t\u00edmabundi\u00f0 \u00fatilistaverk sem virkjar samtal milli listar og n\u00e1tt\u00faru og er afur\u00f0 evr\u00f3psks samstarfsverkefnis sem Ger\u00f0arsafn og N\u00e1tt\u00farufr\u00e6\u00f0istofa K\u00f3pavogs eru a\u00f0ilar a\u00f0. \u00der\u00edr dansarar munu flytja dansgj\u00f6rning \u00e1 me\u00f0an opnuninni stendur inni \u00ed \u00fatilistaverkinu.A\u00f0gangur [&hellip;]<\/p>\n","protected":false},"author":0,"featured_media":22954,"template":"","cultural_house":[214],"event_category":[],"event_tag":[],"event_umbrella":[],"class_list":["post-22953","event","type-event","status-publish","has-post-thumbnail","hentry","cultural_house-gerdarsafn-en"],"acf":{"short_title":"Hlj\u00f3\u00f0heimur Fossvogs","location":"Fossvogur","event_type":"single","price":"","start_date":"17.09.2023","start_time":"15:00","end_date":"","end_time":"","multiday_schedule":false,"all_day_event":false,"action_button_text":"","action_button_link":"","photo_gallery":[{"ID":22954,"id":22954,"title":"REUSE-scaled-1.jpeg","filename":"REUSE-scaled-1.jpeg","filesize":218421,"url":"https:\/\/gerdarsafn.kopavogur.is\/wp-content\/uploads\/2023\/09\/REUSE-scaled-1.jpeg","link":"https:\/\/gerdarsafn.kopavogur.is\/en\/event\/hljodheimur-fossvogs-opnun-utilistaverks\/reuse-scaled-1-jpeg\/","alt":"","author":"0","description":"","caption":"","name":"reuse-scaled-1-jpeg","status":"inherit","uploaded_to":22953,"date":"2023-09-13 11:04:15","modified":"2023-09-13 11:07:16","menu_order":0,"mime_type":"image\/jpeg","type":"image","subtype":"jpeg","icon":"https:\/\/gerdarsafn.kopavogur.is\/wp-includes\/images\/media\/default.png","width":1440,"height":2560,"sizes":{"thumbnail":"https:\/\/gerdarsafn.kopavogur.is\/wp-content\/uploads\/2023\/09\/REUSE-scaled-1-150x150.jpeg","thumbnail-width":150,"thumbnail-height":150,"medium":"https:\/\/gerdarsafn.kopavogur.is\/wp-content\/uploads\/2023\/09\/REUSE-scaled-1-169x300.jpeg","medium-width":169,"medium-height":300,"medium_large":"https:\/\/gerdarsafn.kopavogur.is\/wp-content\/uploads\/2023\/09\/REUSE-scaled-1-768x1365.jpeg","medium_large-width":768,"medium_large-height":1365,"large":"https:\/\/gerdarsafn.kopavogur.is\/wp-content\/uploads\/2023\/09\/REUSE-scaled-1-576x1024.jpeg","large-width":576,"large-height":1024,"1536x1536":"https:\/\/gerdarsafn.kopavogur.is\/wp-content\/uploads\/2023\/09\/REUSE-scaled-1-864x1536.jpeg","1536x1536-width":864,"1536x1536-height":1536,"2048x2048":"https:\/\/gerdarsafn.kopavogur.is\/wp-content\/uploads\/2023\/09\/REUSE-scaled-1-1152x2048.jpeg","2048x2048-width":1152,"2048x2048-height":2048,"meko-homehero":"https:\/\/gerdarsafn.kopavogur.is\/wp-content\/uploads\/2023\/09\/REUSE-scaled-1-1440x615.jpeg","meko-homehero-width":1440,"meko-homehero-height":615,"meko-event-block":"https:\/\/gerdarsafn.kopavogur.is\/wp-content\/uploads\/2023\/09\/REUSE-scaled-1-192x192.jpeg","meko-event-block-width":192,"meko-event-block-height":192,"meko-article-thumbnail":"https:\/\/gerdarsafn.kopavogur.is\/wp-content\/uploads\/2023\/09\/REUSE-scaled-1-250x140.jpeg","meko-article-thumbnail-width":250,"meko-article-thumbnail-height":140,"meko-menning-i-kopavogi":"https:\/\/gerdarsafn.kopavogur.is\/wp-content\/uploads\/2023\/09\/REUSE-scaled-1-768x512.jpeg","meko-menning-i-kopavogi-width":768,"meko-menning-i-kopavogi-height":512,"meko-editorial-link":"https:\/\/gerdarsafn.kopavogur.is\/wp-content\/uploads\/2023\/09\/REUSE-scaled-1-360x190.jpeg","meko-editorial-link-width":360,"meko-editorial-link-height":190,"meko-article-thumbnail-ch":"https:\/\/gerdarsafn.kopavogur.is\/wp-content\/uploads\/2023\/09\/REUSE-scaled-1-360x202.jpeg","meko-article-thumbnail-ch-width":360,"meko-article-thumbnail-ch-height":202,"meko-event-block-ch":"https:\/\/gerdarsafn.kopavogur.is\/wp-content\/uploads\/2023\/09\/REUSE-scaled-1-426x240.jpeg","meko-event-block-ch-width":426,"meko-event-block-ch-height":240}}],"embeddables":false,"attachments":false,"related_events":null,"video_cover":"","artists":[{"artist_name":"Michal Machcin\u00edk"},{"artist_name":"Maty\u00e1\u0161 Bar\u00e1k"},{"artist_name":"Linde Hanna Rongen"},{"artist_name":"Chiara Lusso"}],"curator":"","pdf_cover":false,"pdf_file":false,"umfjollun":"","performers":false},"_links":{"self":[{"href":"https:\/\/gerdarsafn.kopavogur.is\/en\/wp-json\/wp\/v2\/event\/22953","targetHints":{"allow":["GET"]}}],"collection":[{"href":"https:\/\/gerdarsafn.kopavogur.is\/en\/wp-json\/wp\/v2\/event"}],"about":[{"href":"https:\/\/gerdarsafn.kopavogur.is\/en\/wp-json\/wp\/v2\/types\/event"}],"version-history":[{"count":0,"href":"https:\/\/gerdarsafn.kopavogur.is\/en\/wp-json\/wp\/v2\/event\/22953\/revisions"}],"wp:featuredmedia":[{"embeddable":true,"href":"https:\/\/gerdarsafn.kopavogur.is\/en\/wp-json\/wp\/v2\/media\/22954"}],"wp:attachment":[{"href":"https:\/\/gerdarsafn.kopavogur.is\/en\/wp-json\/wp\/v2\/media?parent=22953"}],"wp:term":[{"taxonomy":"cultural_house","embeddable":true,"href":"https:\/\/gerdarsafn.kopavogur.is\/en\/wp-json\/wp\/v2\/cultural_house?post=22953"},{"taxonomy":"event_category","embeddable":true,"href":"https:\/\/gerdarsafn.kopavogur.is\/en\/wp-json\/wp\/v2\/event_category?post=22953"},{"taxonomy":"event_tag","embeddable":true,"href":"https:\/\/gerdarsafn.kopavogur.is\/en\/wp-json\/wp\/v2\/event_tag?post=22953"},{"taxonomy":"event_umbrella","embeddable":true,"href":"https:\/\/gerdarsafn.kopavogur.is\/en\/wp-json\/wp\/v2\/event_umbrella?post=22953"}],"curies":[{"name":"wp","href":"https:\/\/api.w.org\/{rel}","templated":true}]}}